{"id":4717,"date":"2019-05-15T19:21:11","date_gmt":"2019-05-15T18:21:11","guid":{"rendered":"http:\/\/flokardinal.org\/wordpress\/?page_id=4717"},"modified":"2021-12-02T20:46:25","modified_gmt":"2021-12-02T19:46:25","slug":"tisser-ma-toile","status":"publish","type":"page","link":"https:\/\/flokardinal.org\/?page_id=4717","title":{"rendered":"TISSER MA TOILE"},"content":{"rendered":"\n<figure class=\"wp-block-image\"><img loading=\"lazy\" decoding=\"async\" width=\"768\" height=\"1024\" src=\"http:\/\/flokardinal.org\/wordpress\/wp-content\/uploads\/2019\/05\/20180727_121140-2-768x1024.jpg\" alt=\"\" class=\"wp-image-4718\" srcset=\"https:\/\/flokardinal.org\/wp-content\/uploads\/2019\/05\/20180727_121140-2-768x1024.jpg 768w, https:\/\/flokardinal.org\/wp-content\/uploads\/2019\/05\/20180727_121140-2-225x300.jpg 225w\" sizes=\"auto, (max-width: 768px) 100vw, 768px\" \/><\/figure>\n\n\n\n<p>Performance installation de l&rsquo;artiste Flo Kardinal , entre Transe Sculpture et Danse , un espace tiss\u00e9 de sons, actes ritualis\u00e9s images et sensations o\u00f9 le r\u00eave se dessine dans la r\u00e9alit\u00e9 .Ce projet est un extrait de COEUR DE PIERRE@ cr\u00e9ation de la Cie Tir Group\u00e9 \/2018 en collaboration avec la sculptrice Magali Thinley .Dans ce parcours sensoriel sur 2 jours le public sera invit\u00e9 \u00e0 \u00eatre t\u00e9moin d&rsquo;am\u00e9nagements d&rsquo;espace et de rituels comme le retour d&rsquo;\u00e2mes soutenus par l&rsquo;\u00e9nergie forte des C\u00e9dres de la Grande For\u00eat .Entre Magie et Nature un espace po\u00e8tique sur l&rsquo;essence de l&rsquo;\u00eatre.<\/p>\n\n\n\n<figure class=\"wp-block-image\"><img loading=\"lazy\" decoding=\"async\" width=\"1024\" height=\"683\" src=\"http:\/\/flokardinal.org\/wordpress\/wp-content\/uploads\/2019\/05\/070A8799-1024x683.jpg\" alt=\"\" class=\"wp-image-4720\" srcset=\"https:\/\/flokardinal.org\/wp-content\/uploads\/2019\/05\/070A8799-1024x683.jpg 1024w, https:\/\/flokardinal.org\/wp-content\/uploads\/2019\/05\/070A8799-300x200.jpg 300w, https:\/\/flokardinal.org\/wp-content\/uploads\/2019\/05\/070A8799-768x512.jpg 768w\" sizes=\"auto, (max-width: 1024px) 100vw, 1024px\" \/><\/figure>\n\n\n\n<p><br>Bio de l&rsquo;artiste <a href=\"http:\/\/www.flokardinal.org\/wordpress\/?page_id=147\">http:\/\/www.flokardinal.org\/wordpress\/?page_id=147<\/a><\/p>\n\n\n\n<p>Dimanche 16 JUIN 2019 For\u00eat de C\u00e9dres du Lub\u00e9ron <\/p>\n\n\n\n<figure class=\"wp-block-image\"><img loading=\"lazy\" decoding=\"async\" width=\"1024\" height=\"683\" src=\"http:\/\/flokardinal.org\/wordpress\/wp-content\/uploads\/2019\/05\/070A8678-1024x683.jpg\" alt=\"\" class=\"wp-image-4724\" srcset=\"https:\/\/flokardinal.org\/wp-content\/uploads\/2019\/05\/070A8678-1024x683.jpg 1024w, https:\/\/flokardinal.org\/wp-content\/uploads\/2019\/05\/070A8678-300x200.jpg 300w, https:\/\/flokardinal.org\/wp-content\/uploads\/2019\/05\/070A8678-768x512.jpg 768w\" sizes=\"auto, (max-width: 1024px) 100vw, 1024px\" \/><\/figure>\n\n\n\n<p>L&rsquo;artiste a rencontr\u00e9 le C\u00e9dre il y a 2 ans avec la performance D\u00e9chiffer Ma L\u00e9gende @ \/2017 Elle y a touch\u00e9 un espace puissant de connexion au vivant et un lien fort avec L&rsquo;ESPRIT du CEDRE C&rsquo;est un plaisir de se joindre \u00e0 nouveau \u00e0 ce projet participatif , \u00e9cologique d&rsquo;ouverture au public men\u00e9 par REVES DE CEDRES et de REVER \u00e0 nouveau et danser avec le CEDRE.On traverse l&rsquo;espace immense du chant des arbres et une gu\u00e9rison profonde de l&rsquo;\u00eatre.L&rsquo;artiste tient \u00e0 soutenir ce projet au titre de son engagement pour un Art reli\u00e9 \u00e0 l&rsquo;environnement .<\/p>\n\n\n\n<p>Contact <a href=\"lasecousselibre@gmail.com\">lasecousselibre@gmail.com<\/a> <\/p>\n\n\n\n<figure class=\"wp-block-image\"><img loading=\"lazy\" decoding=\"async\" width=\"1024\" height=\"768\" src=\"http:\/\/flokardinal.org\/wordpress\/wp-content\/uploads\/2019\/05\/20180730_121049-1024x768.jpg\" alt=\"\" class=\"wp-image-4721\" srcset=\"https:\/\/flokardinal.org\/wp-content\/uploads\/2019\/05\/20180730_121049-1024x768.jpg 1024w, https:\/\/flokardinal.org\/wp-content\/uploads\/2019\/05\/20180730_121049-300x225.jpg 300w, https:\/\/flokardinal.org\/wp-content\/uploads\/2019\/05\/20180730_121049-768x576.jpg 768w\" sizes=\"auto, (max-width: 1024px) 100vw, 1024px\" \/><\/figure>\n\n\n\n<figure class=\"wp-block-image\"><img loading=\"lazy\" decoding=\"async\" width=\"734\" height=\"1024\" src=\"http:\/\/flokardinal.org\/wordpress\/wp-content\/uploads\/2021\/11\/Tisser-ma-toile-septembre-2019-734x1024.jpg\" alt=\"\" class=\"wp-image-8238\" srcset=\"https:\/\/flokardinal.org\/wp-content\/uploads\/2021\/11\/Tisser-ma-toile-septembre-2019-734x1024.jpg 734w, https:\/\/flokardinal.org\/wp-content\/uploads\/2021\/11\/Tisser-ma-toile-septembre-2019-215x300.jpg 215w, https:\/\/flokardinal.org\/wp-content\/uploads\/2021\/11\/Tisser-ma-toile-septembre-2019-768x1071.jpg 768w, https:\/\/flokardinal.org\/wp-content\/uploads\/2021\/11\/Tisser-ma-toile-septembre-2019.jpg 909w\" sizes=\"auto, (max-width: 734px) 100vw, 734px\" \/><\/figure>\n\n\n\n<p>Tiss<em>er Ma Toile@2019\/2021 et Coeur de Pierre@2018 \/Cie Tir Group\u00e9 Tous droits r\u00e9serv\u00e9s Elles  sont des cr\u00e9ations de la Cie Tir Group\u00e9 , elles sont d\u00e9pos\u00e9es et prot\u00e9g\u00e9s selon les lois en vigueu<\/em>r<\/p>\n\n\n\n<figure class=\"wp-block-image\"><img loading=\"lazy\" decoding=\"async\" width=\"1024\" height=\"576\" src=\"http:\/\/flokardinal.org\/wordpress\/wp-content\/uploads\/2021\/12\/20150727_154112-1024x576.jpg\" alt=\"\" class=\"wp-image-8263\" srcset=\"https:\/\/flokardinal.org\/wp-content\/uploads\/2021\/12\/20150727_154112-1024x576.jpg 1024w, https:\/\/flokardinal.org\/wp-content\/uploads\/2021\/12\/20150727_154112-300x169.jpg 300w, https:\/\/flokardinal.org\/wp-content\/uploads\/2021\/12\/20150727_154112-768x432.jpg 768w\" sizes=\"auto, (max-width: 1024px) 100vw, 1024px\" \/><\/figure>\n","protected":false},"excerpt":{"rendered":"<p>Performance installation de l&rsquo;artiste Flo Kardinal , entre Transe Sculpture et Danse , un espace tiss\u00e9 de sons, actes ritualis\u00e9s images et sensations o\u00f9 le r\u00eave se dessine dans la r\u00e9alit\u00e9 .Ce projet est un extrait de COEUR DE PIERRE@ cr\u00e9ation de la Cie Tir Group\u00e9 \/2018 en collaboration avec la sculptrice Magali Thinley .Dans &hellip; <a href=\"https:\/\/flokardinal.org\/?page_id=4717\" class=\"more-link\">Continuer la lecture de <span class=\"screen-reader-text\">TISSER MA TOILE<\/span>  <span class=\"meta-nav\">&rarr;<\/span><\/a><\/p>\n","protected":false},"author":1,"featured_media":4719,"parent":1423,"menu_order":3,"comment_status":"closed","ping_status":"closed","template":"","meta":{"footnotes":""},"class_list":["post-4717","page","type-page","status-publish","has-post-thumbnail","hentry"],"yoast_head":"<!-- This site is optimized with the Yoast SEO plugin v27.5 - https:\/\/yoast.com\/product\/yoast-seo-wordpress\/ -->\n<title>TISSER MA TOILE - Les danses de la chamane<\/title>\n<meta name=\"robots\" content=\"index, follow, max-snippet:-1, max-image-preview:large, max-video-preview:-1\" \/>\n<link rel=\"canonical\" href=\"https:\/\/flokardinal.org\/?page_id=4717\" \/>\n<meta property=\"og:locale\" content=\"fr_FR\" \/>\n<meta property=\"og:type\" content=\"article\" \/>\n<meta property=\"og:title\" content=\"TISSER MA TOILE - Les danses de la chamane\" \/>\n<meta property=\"og:description\" content=\"Performance installation de l&rsquo;artiste Flo Kardinal , entre Transe Sculpture et Danse , un espace tiss\u00e9 de sons, actes ritualis\u00e9s images et sensations o\u00f9 le r\u00eave se dessine dans la r\u00e9alit\u00e9 .Ce projet est un extrait de COEUR DE PIERRE@ cr\u00e9ation de la Cie Tir Group\u00e9 \/2018 en collaboration avec la sculptrice Magali Thinley .Dans &hellip; Continuer la lecture de TISSER MA TOILE &rarr;\" \/>\n<meta property=\"og:url\" content=\"https:\/\/flokardinal.org\/?page_id=4717\" \/>\n<meta property=\"og:site_name\" content=\"Les danses de la chamane\" \/>\n<meta property=\"article:modified_time\" content=\"2021-12-02T19:46:25+00:00\" \/>\n<meta property=\"og:image\" content=\"https:\/\/flokardinal.org\/wp-content\/uploads\/2019\/05\/20180725_135316-768x1024.jpg\" \/>\n\t<meta property=\"og:image:width\" content=\"768\" \/>\n\t<meta property=\"og:image:height\" content=\"1024\" \/>\n\t<meta property=\"og:image:type\" content=\"image\/jpeg\" \/>\n<meta name=\"twitter:card\" content=\"summary_large_image\" \/>\n<meta name=\"twitter:site\" content=\"@kardinal93\" \/>\n<meta name=\"twitter:label1\" content=\"Dur\u00e9e de lecture estim\u00e9e\" \/>\n\t<meta name=\"twitter:data1\" content=\"1 minute\" \/>\n<script type=\"application\/ld+json\" class=\"yoast-schema-graph\">{\"@context\":\"https:\\\/\\\/schema.org\",\"@graph\":[{\"@type\":\"WebPage\",\"@id\":\"https:\\\/\\\/flokardinal.org\\\/?page_id=4717\",\"url\":\"https:\\\/\\\/flokardinal.org\\\/?page_id=4717\",\"name\":\"TISSER MA TOILE - Les danses de la chamane\",\"isPartOf\":{\"@id\":\"https:\\\/\\\/flokardinal.org\\\/#website\"},\"primaryImageOfPage\":{\"@id\":\"https:\\\/\\\/flokardinal.org\\\/?page_id=4717#primaryimage\"},\"image\":{\"@id\":\"https:\\\/\\\/flokardinal.org\\\/?page_id=4717#primaryimage\"},\"thumbnailUrl\":\"https:\\\/\\\/flokardinal.org\\\/wp-content\\\/uploads\\\/2019\\\/05\\\/20180725_135316.jpg\",\"datePublished\":\"2019-05-15T18:21:11+00:00\",\"dateModified\":\"2021-12-02T19:46:25+00:00\",\"breadcrumb\":{\"@id\":\"https:\\\/\\\/flokardinal.org\\\/?page_id=4717#breadcrumb\"},\"inLanguage\":\"fr-FR\",\"potentialAction\":[{\"@type\":\"ReadAction\",\"target\":[\"https:\\\/\\\/flokardinal.org\\\/?page_id=4717\"]}]},{\"@type\":\"ImageObject\",\"inLanguage\":\"fr-FR\",\"@id\":\"https:\\\/\\\/flokardinal.org\\\/?page_id=4717#primaryimage\",\"url\":\"https:\\\/\\\/flokardinal.org\\\/wp-content\\\/uploads\\\/2019\\\/05\\\/20180725_135316.jpg\",\"contentUrl\":\"https:\\\/\\\/flokardinal.org\\\/wp-content\\\/uploads\\\/2019\\\/05\\\/20180725_135316.jpg\",\"width\":3456,\"height\":4608},{\"@type\":\"BreadcrumbList\",\"@id\":\"https:\\\/\\\/flokardinal.org\\\/?page_id=4717#breadcrumb\",\"itemListElement\":[{\"@type\":\"ListItem\",\"position\":1,\"name\":\"Accueil\",\"item\":\"https:\\\/\\\/flokardinal.org\\\/\"},{\"@type\":\"ListItem\",\"position\":2,\"name\":\"L&rsquo;ACTUALIT\u00e9 CREATIVE DE LA Cie Tir Group\u00e9\",\"item\":\"https:\\\/\\\/flokardinal.org\\\/?page_id=1423\"},{\"@type\":\"ListItem\",\"position\":3,\"name\":\"TISSER MA TOILE\"}]},{\"@type\":\"WebSite\",\"@id\":\"https:\\\/\\\/flokardinal.org\\\/#website\",\"url\":\"https:\\\/\\\/flokardinal.org\\\/\",\"name\":\"Les danses de la chamane\",\"description\":\"Le corps cr\u00e9ateur gu\u00e9risseur salvateur\",\"potentialAction\":[{\"@type\":\"SearchAction\",\"target\":{\"@type\":\"EntryPoint\",\"urlTemplate\":\"https:\\\/\\\/flokardinal.org\\\/?s={search_term_string}\"},\"query-input\":{\"@type\":\"PropertyValueSpecification\",\"valueRequired\":true,\"valueName\":\"search_term_string\"}}],\"inLanguage\":\"fr-FR\"}]}<\/script>\n<!-- \/ Yoast SEO plugin. -->","yoast_head_json":{"title":"TISSER MA TOILE - Les danses de la chamane","robots":{"index":"index","follow":"follow","max-snippet":"max-snippet:-1","max-image-preview":"max-image-preview:large","max-video-preview":"max-video-preview:-1"},"canonical":"https:\/\/flokardinal.org\/?page_id=4717","og_locale":"fr_FR","og_type":"article","og_title":"TISSER MA TOILE - Les danses de la chamane","og_description":"Performance installation de l&rsquo;artiste Flo Kardinal , entre Transe Sculpture et Danse , un espace tiss\u00e9 de sons, actes ritualis\u00e9s images et sensations o\u00f9 le r\u00eave se dessine dans la r\u00e9alit\u00e9 .Ce projet est un extrait de COEUR DE PIERRE@ cr\u00e9ation de la Cie Tir Group\u00e9 \/2018 en collaboration avec la sculptrice Magali Thinley .Dans &hellip; Continuer la lecture de TISSER MA TOILE &rarr;","og_url":"https:\/\/flokardinal.org\/?page_id=4717","og_site_name":"Les danses de la chamane","article_modified_time":"2021-12-02T19:46:25+00:00","og_image":[{"width":768,"height":1024,"url":"https:\/\/flokardinal.org\/wp-content\/uploads\/2019\/05\/20180725_135316-768x1024.jpg","type":"image\/jpeg"}],"twitter_card":"summary_large_image","twitter_site":"@kardinal93","twitter_misc":{"Dur\u00e9e de lecture estim\u00e9e":"1 minute"},"schema":{"@context":"https:\/\/schema.org","@graph":[{"@type":"WebPage","@id":"https:\/\/flokardinal.org\/?page_id=4717","url":"https:\/\/flokardinal.org\/?page_id=4717","name":"TISSER MA TOILE - Les danses de la chamane","isPartOf":{"@id":"https:\/\/flokardinal.org\/#website"},"primaryImageOfPage":{"@id":"https:\/\/flokardinal.org\/?page_id=4717#primaryimage"},"image":{"@id":"https:\/\/flokardinal.org\/?page_id=4717#primaryimage"},"thumbnailUrl":"https:\/\/flokardinal.org\/wp-content\/uploads\/2019\/05\/20180725_135316.jpg","datePublished":"2019-05-15T18:21:11+00:00","dateModified":"2021-12-02T19:46:25+00:00","breadcrumb":{"@id":"https:\/\/flokardinal.org\/?page_id=4717#breadcrumb"},"inLanguage":"fr-FR","potentialAction":[{"@type":"ReadAction","target":["https:\/\/flokardinal.org\/?page_id=4717"]}]},{"@type":"ImageObject","inLanguage":"fr-FR","@id":"https:\/\/flokardinal.org\/?page_id=4717#primaryimage","url":"https:\/\/flokardinal.org\/wp-content\/uploads\/2019\/05\/20180725_135316.jpg","contentUrl":"https:\/\/flokardinal.org\/wp-content\/uploads\/2019\/05\/20180725_135316.jpg","width":3456,"height":4608},{"@type":"BreadcrumbList","@id":"https:\/\/flokardinal.org\/?page_id=4717#breadcrumb","itemListElement":[{"@type":"ListItem","position":1,"name":"Accueil","item":"https:\/\/flokardinal.org\/"},{"@type":"ListItem","position":2,"name":"L&rsquo;ACTUALIT\u00e9 CREATIVE DE LA Cie Tir Group\u00e9","item":"https:\/\/flokardinal.org\/?page_id=1423"},{"@type":"ListItem","position":3,"name":"TISSER MA TOILE"}]},{"@type":"WebSite","@id":"https:\/\/flokardinal.org\/#website","url":"https:\/\/flokardinal.org\/","name":"Les danses de la chamane","description":"Le corps cr\u00e9ateur gu\u00e9risseur salvateur","potentialAction":[{"@type":"SearchAction","target":{"@type":"EntryPoint","urlTemplate":"https:\/\/flokardinal.org\/?s={search_term_string}"},"query-input":{"@type":"PropertyValueSpecification","valueRequired":true,"valueName":"search_term_string"}}],"inLanguage":"fr-FR"}]}},"_links":{"self":[{"href":"https:\/\/flokardinal.org\/index.php?rest_route=\/wp\/v2\/pages\/4717","targetHints":{"allow":["GET"]}}],"collection":[{"href":"https:\/\/flokardinal.org\/index.php?rest_route=\/wp\/v2\/pages"}],"about":[{"href":"https:\/\/flokardinal.org\/index.php?rest_route=\/wp\/v2\/types\/page"}],"author":[{"embeddable":true,"href":"https:\/\/flokardinal.org\/index.php?rest_route=\/wp\/v2\/users\/1"}],"replies":[{"embeddable":true,"href":"https:\/\/flokardinal.org\/index.php?rest_route=%2Fwp%2Fv2%2Fcomments&post=4717"}],"version-history":[{"count":6,"href":"https:\/\/flokardinal.org\/index.php?rest_route=\/wp\/v2\/pages\/4717\/revisions"}],"predecessor-version":[{"id":8264,"href":"https:\/\/flokardinal.org\/index.php?rest_route=\/wp\/v2\/pages\/4717\/revisions\/8264"}],"up":[{"embeddable":true,"href":"https:\/\/flokardinal.org\/index.php?rest_route=\/wp\/v2\/pages\/1423"}],"wp:featuredmedia":[{"embeddable":true,"href":"https:\/\/flokardinal.org\/index.php?rest_route=\/wp\/v2\/media\/4719"}],"wp:attachment":[{"href":"https:\/\/flokardinal.org\/index.php?rest_route=%2Fwp%2Fv2%2Fmedia&parent=4717"}],"curies":[{"name":"wp","href":"https:\/\/api.w.org\/{rel}","templated":true}]}}