{"id":1726,"date":"2017-06-08T23:05:04","date_gmt":"2017-06-08T22:05:04","guid":{"rendered":"http:\/\/flokardinal.org\/wordpress\/?page_id=1726"},"modified":"2020-08-09T20:46:37","modified_gmt":"2020-08-09T19:46:37","slug":"minerale","status":"publish","type":"page","link":"https:\/\/flokardinal.org\/?page_id=1726","title":{"rendered":"Min\u00e9rale"},"content":{"rendered":"<figure id=\"attachment_1727\" aria-describedby=\"caption-attachment-1727\" style=\"width: 300px\" class=\"wp-caption alignnone\"><a href=\"http:\/\/flokardinal.org\/wordpress\/wp-content\/uploads\/2017\/06\/FB_IMG_1440090880774.jpg\"><img loading=\"lazy\" decoding=\"async\" class=\"size-medium wp-image-1727\" src=\"http:\/\/flokardinal.org\/wordpress\/wp-content\/uploads\/2017\/06\/FB_IMG_1440090880774-300x201.jpg\" alt=\"\" width=\"300\" height=\"201\" srcset=\"https:\/\/flokardinal.org\/wp-content\/uploads\/2017\/06\/FB_IMG_1440090880774-300x201.jpg 300w, https:\/\/flokardinal.org\/wp-content\/uploads\/2017\/06\/FB_IMG_1440090880774-768x513.jpg 768w, https:\/\/flokardinal.org\/wp-content\/uploads\/2017\/06\/FB_IMG_1440090880774-1024x685.jpg 1024w, https:\/\/flokardinal.org\/wp-content\/uploads\/2017\/06\/FB_IMG_1440090880774.jpg 2048w\" sizes=\"auto, (max-width: 300px) 100vw, 300px\" \/><\/a><figcaption id=\"caption-attachment-1727\" class=\"wp-caption-text\">Flo Kardinal Photo Laetitia Merli<\/figcaption><\/figure>\n<p>Je suis , je deviens, je me fonds dans la pierre .L&rsquo;espace entre \u00a0le ciel et moi diminue , se compacte .J&rsquo;entends le bruit de l&rsquo;eau , la neige des plaines , le vent de la steppe verte, l&rsquo;appel de la louve , le chant des femmes chamanes .<\/p>\n<p>Je me rappelle le regard d&rsquo;Enkheshergal, son souffle \u00ab\u00a0tu es une belle \u00e2me, je te soutiens , je suis avec toi , &#8230; ce que tu vas construire , ce sera dur &#8230;mais c&rsquo;est profond, intense , c&rsquo;est la voie d&rsquo;une \u00a0pratique , la voie des chamanes\u00a0\u00bb<\/p>\n<p>Je suis la pierre , j&rsquo;entends la m\u00e9moire de l&rsquo;eau, je me souviens de toi , je ne t&rsquo;oublie pas .<\/p>\n<p>Depuis j&rsquo;ai ouvert le br\u00eache LES DANSES DE LA CHAMANE\u00ae\u2122 &#8230;.<\/p>\n<p>J&rsquo;entends l&rsquo;espace de mes souvenirs, le regard d&rsquo;Enkhetuya.<\/p>\n<p>Ne pas expliquer , ne pas contr\u00f4ler, \u00eatre libre , suivre la trace , la trace de mes pas dans le sol , la traces des pattes , les pattes de la louve .<\/p>\n<p>Des steppes de Mongolie \u00e0 la For\u00eat de Badondey \u00e0 Paris , du ciel illimit\u00e9 de Mongolie , aux c\u00e9dres \u00e9pineux de la for\u00eat dense du Valais en Suisse &#8230;.des trottoirs de Paris au d\u00e9sert du Maroc &#8230;.je suis ma route , comme la pierre , je suis , deviens , je me fonds \u00ab\u00a0Flo Kardinal<\/p>\n<p>Texte d\u00e9pos\u00e9 et prot\u00e9g\u00e9 Tous droits r\u00e9serv\u00e9s \u00a9 Flo Kardinal \/Min\u00e9rale\/2017\/ Caravane Concept\/paraitra dans le Manuel \u00ab\u00a0Chants Inspir\u00e9s et Rituels m\u00e9decines\u00a0\u00bb\/2020<\/p>\n<figure id=\"attachment_1728\" aria-describedby=\"caption-attachment-1728\" style=\"width: 300px\" class=\"wp-caption alignnone\"><a href=\"http:\/\/flokardinal.org\/wordpress\/wp-content\/uploads\/2017\/06\/Photo02_2-3.jpg\"><img loading=\"lazy\" decoding=\"async\" class=\"size-medium wp-image-1728\" src=\"http:\/\/flokardinal.org\/wordpress\/wp-content\/uploads\/2017\/06\/Photo02_2-3-300x300.jpg\" alt=\"\" width=\"300\" height=\"300\" srcset=\"https:\/\/flokardinal.org\/wp-content\/uploads\/2017\/06\/Photo02_2-3-300x300.jpg 300w, https:\/\/flokardinal.org\/wp-content\/uploads\/2017\/06\/Photo02_2-3-150x150.jpg 150w, https:\/\/flokardinal.org\/wp-content\/uploads\/2017\/06\/Photo02_2-3-768x765.jpg 768w, https:\/\/flokardinal.org\/wp-content\/uploads\/2017\/06\/Photo02_2-3-1024x1020.jpg 1024w\" sizes=\"auto, (max-width: 300px) 100vw, 300px\" \/><\/a><figcaption id=\"caption-attachment-1728\" class=\"wp-caption-text\">Pierre de Flo Kardinal<\/figcaption><\/figure>\n<p><span style=\"color: #808000;\"><strong>ENGLISH VERSION<\/strong><\/span><\/p>\n<p>\u00ab\u00a0I am, I become, I get in the stone. The space between the sky and me decreases, compacts. I hear the sound of the water, the snow of the plains, the wind of the green steppe, the call of the Wolf, the singing of the Shaman women.<\/p>\n<p>I remember the look of Enkheshergal, his breath \u00ab\u00a0You are a beautiful soul, I support you, I am with you, &#8230; what you are going to build, it will be hard &#8230; but it is deep, intense, it is the way of a practice, the way of the shamans \u00a0\u00bb<\/p>\n<p>I am the stone, I hear the memory of the water, I remember you, I do not forget you.<\/p>\n<p>Since I opened the breach LES DANSES DE LA CHAMANE \u00ae \u2122 &#8230;.<\/p>\n<p>I hear the space of my memories, the look of Enkhetuya.<\/p>\n<p>Do not explain, do not control, be free, follow the trace, trace my footsteps in the ground, the traces of the paws, the paws of the wolf.<\/p>\n<p>From the Mongolian steppes to the Badondey&rsquo; Forest in Paris, from the unlimited sky of Mongolia, to the thorny cedars of the dense forest of Valais in Switzerland &#8230;. from the sidewalks of Paris to the desert of Morocco &#8230;. I am my road, as the stone, I am, become, I fund myself \u00a0\u00bb \u00a9Flo Kardinal<\/p>\n<p>Text deposited and protected all rights reserved \u00a9 Flo Kardinal\/minerale\/2017\/caravan Concept\/Edited in Manuel : \u00ab\u00a0Chants Inspir\u00e9s et Rituels m\u00e9decines \u00ab\u00a0\/2020\/<\/p>\n","protected":false},"excerpt":{"rendered":"<p>Je suis , je deviens, je me fonds dans la pierre .L&rsquo;espace entre \u00a0le ciel et moi diminue , se compacte .J&rsquo;entends le bruit de l&rsquo;eau , la neige des plaines , le vent de la steppe verte, l&rsquo;appel de la louve , le chant des femmes chamanes . Je me rappelle le regard d&rsquo;Enkheshergal, &hellip; <a href=\"https:\/\/flokardinal.org\/?page_id=1726\" class=\"more-link\">Continuer la lecture de <span class=\"screen-reader-text\">Min\u00e9rale<\/span>  <span class=\"meta-nav\">&rarr;<\/span><\/a><\/p>\n","protected":false},"author":1,"featured_media":7083,"parent":18,"menu_order":2,"comment_status":"closed","ping_status":"closed","template":"","meta":{"footnotes":""},"class_list":["post-1726","page","type-page","status-publish","has-post-thumbnail","hentry"],"yoast_head":"<!-- This site is optimized with the Yoast SEO plugin v27.5 - https:\/\/yoast.com\/product\/yoast-seo-wordpress\/ -->\n<title>Min\u00e9rale - Les danses de la chamane<\/title>\n<meta name=\"robots\" content=\"index, follow, max-snippet:-1, max-image-preview:large, max-video-preview:-1\" \/>\n<link rel=\"canonical\" href=\"http:\/\/flokardinal.org\/?page_id=1726\" \/>\n<meta property=\"og:locale\" content=\"fr_FR\" \/>\n<meta property=\"og:type\" content=\"article\" \/>\n<meta property=\"og:title\" content=\"Min\u00e9rale - Les danses de la chamane\" \/>\n<meta property=\"og:description\" content=\"Je suis , je deviens, je me fonds dans la pierre .L&rsquo;espace entre \u00a0le ciel et moi diminue , se compacte .J&rsquo;entends le bruit de l&rsquo;eau , la neige des plaines , le vent de la steppe verte, l&rsquo;appel de la louve , le chant des femmes chamanes . Je me rappelle le regard d&rsquo;Enkheshergal, &hellip; Continuer la lecture de Min\u00e9rale &rarr;\" \/>\n<meta property=\"og:url\" content=\"http:\/\/flokardinal.org\/?page_id=1726\" \/>\n<meta property=\"og:site_name\" content=\"Les danses de la chamane\" \/>\n<meta property=\"article:modified_time\" content=\"2020-08-09T19:46:37+00:00\" \/>\n<meta property=\"og:image\" content=\"http:\/\/flokardinal.org\/wp-content\/uploads\/2020\/08\/19025120_1673334749373343_1988485668378780903_o-@.jpg\" \/>\n\t<meta property=\"og:image:width\" content=\"960\" \/>\n\t<meta property=\"og:image:height\" content=\"955\" \/>\n\t<meta property=\"og:image:type\" content=\"image\/jpeg\" \/>\n<meta name=\"twitter:card\" content=\"summary_large_image\" \/>\n<meta name=\"twitter:site\" content=\"@kardinal93\" \/>\n<meta name=\"twitter:label1\" content=\"Dur\u00e9e de lecture estim\u00e9e\" \/>\n\t<meta name=\"twitter:data1\" content=\"2 minutes\" \/>\n<script type=\"application\/ld+json\" class=\"yoast-schema-graph\">{\"@context\":\"https:\\\/\\\/schema.org\",\"@graph\":[{\"@type\":\"WebPage\",\"@id\":\"http:\\\/\\\/flokardinal.org\\\/?page_id=1726\",\"url\":\"http:\\\/\\\/flokardinal.org\\\/?page_id=1726\",\"name\":\"Min\u00e9rale - Les danses de la chamane\",\"isPartOf\":{\"@id\":\"https:\\\/\\\/flokardinal.org\\\/#website\"},\"primaryImageOfPage\":{\"@id\":\"http:\\\/\\\/flokardinal.org\\\/?page_id=1726#primaryimage\"},\"image\":{\"@id\":\"http:\\\/\\\/flokardinal.org\\\/?page_id=1726#primaryimage\"},\"thumbnailUrl\":\"https:\\\/\\\/flokardinal.org\\\/wp-content\\\/uploads\\\/2020\\\/08\\\/19025120_1673334749373343_1988485668378780903_o-@.jpg\",\"datePublished\":\"2017-06-08T22:05:04+00:00\",\"dateModified\":\"2020-08-09T19:46:37+00:00\",\"breadcrumb\":{\"@id\":\"http:\\\/\\\/flokardinal.org\\\/?page_id=1726#breadcrumb\"},\"inLanguage\":\"fr-FR\",\"potentialAction\":[{\"@type\":\"ReadAction\",\"target\":[\"http:\\\/\\\/flokardinal.org\\\/?page_id=1726\"]}]},{\"@type\":\"ImageObject\",\"inLanguage\":\"fr-FR\",\"@id\":\"http:\\\/\\\/flokardinal.org\\\/?page_id=1726#primaryimage\",\"url\":\"https:\\\/\\\/flokardinal.org\\\/wp-content\\\/uploads\\\/2020\\\/08\\\/19025120_1673334749373343_1988485668378780903_o-@.jpg\",\"contentUrl\":\"https:\\\/\\\/flokardinal.org\\\/wp-content\\\/uploads\\\/2020\\\/08\\\/19025120_1673334749373343_1988485668378780903_o-@.jpg\",\"width\":960,\"height\":955},{\"@type\":\"BreadcrumbList\",\"@id\":\"http:\\\/\\\/flokardinal.org\\\/?page_id=1726#breadcrumb\",\"itemListElement\":[{\"@type\":\"ListItem\",\"position\":1,\"name\":\"Accueil\",\"item\":\"https:\\\/\\\/flokardinal.org\\\/\"},{\"@type\":\"ListItem\",\"position\":2,\"name\":\"Inspirations\",\"item\":\"https:\\\/\\\/flokardinal.org\\\/?page_id=18\"},{\"@type\":\"ListItem\",\"position\":3,\"name\":\"Min\u00e9rale\"}]},{\"@type\":\"WebSite\",\"@id\":\"https:\\\/\\\/flokardinal.org\\\/#website\",\"url\":\"https:\\\/\\\/flokardinal.org\\\/\",\"name\":\"Les danses de la chamane\",\"description\":\"Le corps cr\u00e9ateur gu\u00e9risseur salvateur\",\"potentialAction\":[{\"@type\":\"SearchAction\",\"target\":{\"@type\":\"EntryPoint\",\"urlTemplate\":\"https:\\\/\\\/flokardinal.org\\\/?s={search_term_string}\"},\"query-input\":{\"@type\":\"PropertyValueSpecification\",\"valueRequired\":true,\"valueName\":\"search_term_string\"}}],\"inLanguage\":\"fr-FR\"}]}<\/script>\n<!-- \/ Yoast SEO plugin. -->","yoast_head_json":{"title":"Min\u00e9rale - Les danses de la chamane","robots":{"index":"index","follow":"follow","max-snippet":"max-snippet:-1","max-image-preview":"max-image-preview:large","max-video-preview":"max-video-preview:-1"},"canonical":"http:\/\/flokardinal.org\/?page_id=1726","og_locale":"fr_FR","og_type":"article","og_title":"Min\u00e9rale - Les danses de la chamane","og_description":"Je suis , je deviens, je me fonds dans la pierre .L&rsquo;espace entre \u00a0le ciel et moi diminue , se compacte .J&rsquo;entends le bruit de l&rsquo;eau , la neige des plaines , le vent de la steppe verte, l&rsquo;appel de la louve , le chant des femmes chamanes . Je me rappelle le regard d&rsquo;Enkheshergal, &hellip; Continuer la lecture de Min\u00e9rale &rarr;","og_url":"http:\/\/flokardinal.org\/?page_id=1726","og_site_name":"Les danses de la chamane","article_modified_time":"2020-08-09T19:46:37+00:00","og_image":[{"width":960,"height":955,"url":"http:\/\/flokardinal.org\/wp-content\/uploads\/2020\/08\/19025120_1673334749373343_1988485668378780903_o-@.jpg","type":"image\/jpeg"}],"twitter_card":"summary_large_image","twitter_site":"@kardinal93","twitter_misc":{"Dur\u00e9e de lecture estim\u00e9e":"2 minutes"},"schema":{"@context":"https:\/\/schema.org","@graph":[{"@type":"WebPage","@id":"http:\/\/flokardinal.org\/?page_id=1726","url":"http:\/\/flokardinal.org\/?page_id=1726","name":"Min\u00e9rale - Les danses de la chamane","isPartOf":{"@id":"https:\/\/flokardinal.org\/#website"},"primaryImageOfPage":{"@id":"http:\/\/flokardinal.org\/?page_id=1726#primaryimage"},"image":{"@id":"http:\/\/flokardinal.org\/?page_id=1726#primaryimage"},"thumbnailUrl":"https:\/\/flokardinal.org\/wp-content\/uploads\/2020\/08\/19025120_1673334749373343_1988485668378780903_o-@.jpg","datePublished":"2017-06-08T22:05:04+00:00","dateModified":"2020-08-09T19:46:37+00:00","breadcrumb":{"@id":"http:\/\/flokardinal.org\/?page_id=1726#breadcrumb"},"inLanguage":"fr-FR","potentialAction":[{"@type":"ReadAction","target":["http:\/\/flokardinal.org\/?page_id=1726"]}]},{"@type":"ImageObject","inLanguage":"fr-FR","@id":"http:\/\/flokardinal.org\/?page_id=1726#primaryimage","url":"https:\/\/flokardinal.org\/wp-content\/uploads\/2020\/08\/19025120_1673334749373343_1988485668378780903_o-@.jpg","contentUrl":"https:\/\/flokardinal.org\/wp-content\/uploads\/2020\/08\/19025120_1673334749373343_1988485668378780903_o-@.jpg","width":960,"height":955},{"@type":"BreadcrumbList","@id":"http:\/\/flokardinal.org\/?page_id=1726#breadcrumb","itemListElement":[{"@type":"ListItem","position":1,"name":"Accueil","item":"https:\/\/flokardinal.org\/"},{"@type":"ListItem","position":2,"name":"Inspirations","item":"https:\/\/flokardinal.org\/?page_id=18"},{"@type":"ListItem","position":3,"name":"Min\u00e9rale"}]},{"@type":"WebSite","@id":"https:\/\/flokardinal.org\/#website","url":"https:\/\/flokardinal.org\/","name":"Les danses de la chamane","description":"Le corps cr\u00e9ateur gu\u00e9risseur salvateur","potentialAction":[{"@type":"SearchAction","target":{"@type":"EntryPoint","urlTemplate":"https:\/\/flokardinal.org\/?s={search_term_string}"},"query-input":{"@type":"PropertyValueSpecification","valueRequired":true,"valueName":"search_term_string"}}],"inLanguage":"fr-FR"}]}},"_links":{"self":[{"href":"https:\/\/flokardinal.org\/index.php?rest_route=\/wp\/v2\/pages\/1726","targetHints":{"allow":["GET"]}}],"collection":[{"href":"https:\/\/flokardinal.org\/index.php?rest_route=\/wp\/v2\/pages"}],"about":[{"href":"https:\/\/flokardinal.org\/index.php?rest_route=\/wp\/v2\/types\/page"}],"author":[{"embeddable":true,"href":"https:\/\/flokardinal.org\/index.php?rest_route=\/wp\/v2\/users\/1"}],"replies":[{"embeddable":true,"href":"https:\/\/flokardinal.org\/index.php?rest_route=%2Fwp%2Fv2%2Fcomments&post=1726"}],"version-history":[{"count":12,"href":"https:\/\/flokardinal.org\/index.php?rest_route=\/wp\/v2\/pages\/1726\/revisions"}],"predecessor-version":[{"id":7092,"href":"https:\/\/flokardinal.org\/index.php?rest_route=\/wp\/v2\/pages\/1726\/revisions\/7092"}],"up":[{"embeddable":true,"href":"https:\/\/flokardinal.org\/index.php?rest_route=\/wp\/v2\/pages\/18"}],"wp:featuredmedia":[{"embeddable":true,"href":"https:\/\/flokardinal.org\/index.php?rest_route=\/wp\/v2\/media\/7083"}],"wp:attachment":[{"href":"https:\/\/flokardinal.org\/index.php?rest_route=%2Fwp%2Fv2%2Fmedia&parent=1726"}],"curies":[{"name":"wp","href":"https:\/\/api.w.org\/{rel}","templated":true}]}}