{"id":8704,"date":"2022-09-26T13:59:40","date_gmt":"2022-09-26T12:59:40","guid":{"rendered":"http:\/\/flokardinal.org\/wordpress\/?page_id=8704"},"modified":"2026-03-01T09:26:39","modified_gmt":"2026-03-01T08:26:39","slug":"initiation-a-la-voie-chamanique-nouvelle-formule-2023","status":"publish","type":"page","link":"http:\/\/flokardinal.org\/?page_id=8704","title":{"rendered":"Initiation a la voie chamanique : nouvelle formule"},"content":{"rendered":"<p><a href=\"http:\/\/flokardinal.org\/wordpress\/wp-content\/uploads\/2021\/07\/MG_8439choix.jpg\"><img loading=\"lazy\" decoding=\"async\" class=\"alignnone size-full wp-image-8087\" src=\"http:\/\/flokardinal.org\/wordpress\/wp-content\/uploads\/2021\/07\/MG_8439choix.jpg\" alt=\"\" width=\"555\" height=\"555\" srcset=\"http:\/\/flokardinal.org\/wp-content\/uploads\/2021\/07\/MG_8439choix.jpg 555w, http:\/\/flokardinal.org\/wp-content\/uploads\/2021\/07\/MG_8439choix-150x150.jpg 150w, http:\/\/flokardinal.org\/wp-content\/uploads\/2021\/07\/MG_8439choix-300x300.jpg 300w\" sizes=\"auto, (max-width: 555px) 100vw, 555px\" \/><\/a><\/p>\n<p><!--StartFragment--><\/p>\n\n\n<p>Retrouver sa nature sauvage , son essence , son pouvoir de cr\u00e9ation et de gu\u00e9rison et  l&rsquo;am\u00e9nager dans la sph\u00e8re de l&rsquo;accompagnement de l&rsquo;\u00eatre.<\/p>\n\n\n\n<p><a href=\"https:\/\/www.instagram.com\/tv\/Ci-DysfjqbA\/?igshid=MDJmNzVkMjY=\">https:\/\/www.instagram.com\/tv\/Ci-DysfjqbA\/?igshid=MDJmNzVkMjY<\/a><\/p>\n\n\n\n<p>lien du petit post vid\u00e9o  instagram ci dessus <\/p>\n\n\n\n<figure class=\"wp-block-table\"><table><tbody><tr><td><strong>LES<\/strong>\u00a0<strong>DANSES DE LA CHAMANE<\/strong>\u2122\u00ae<br>\u00ab\u00a0La voie de la pratique chamanique\u00a0\u00bb<br><em>Cursus d\u2019enseignement<\/em><br>Nouvelle formule 2027 : l&rsquo;initiation \u00e0 la voie chamanique : un cursus p\u00e9dagogique et artistique autour de la pratique chamanique <br>\u00a0<br><strong>Par Flo KARDINAL <\/strong>alias<strong>\u00a0Flo White Wolf\u00a0<\/strong><br>Chor\u00e9graphe et Femme M\u00e9decine<br>Mon parcours :<br><a href=\"http:\/\/www.flokardinal.org\/wordpress\/?page_id=8296 \"><strong>http:\/\/www.flokardinal.org\/wordpress\/?page_id=8296 <\/strong><\/a><br>\u00a0<br>**Initiation personnalis\u00e9e pour entrer dans la pratique de la roue m\u00e9decine :<br>8 s\u00e9ances individuelles en distanciel \u00e0 mettre en place ensemble Elles vous permettent d&rsquo;acc\u00e9der \u00e0 vos gu\u00e9risons et \u00e0 la notion de \u00ab\u00a0canal\u00a0\u00bb pour pouvoir prodiguer l&rsquo;accompagnement \u00e0 l&rsquo;\u00eatre. Elles sont fond\u00e9es et soutenues par des livrets envoy\u00e9s en amont , vous \u00e9changerez avec l&rsquo;enseignante des pratiques correspondant aux besoins du parcours et aussi adapt\u00e9es \u00e0 votre propre parcours.<br>**4 s\u00e9ances de danse -transe en distanciel ( fourniture d&rsquo;un agenda des dates ) <br>**2 oeuvres a cr\u00e9er soutenantes du processus<br>** 3 jours en bin\u00f4me et pr\u00e9sentiel  \u00e0 mettre en place en pr\u00e9sentiel  sur le lieu o\u00f9 j&rsquo;habiterai <br>**un compte rendu de soins.<br>**un INTERNAT collectif en pr\u00e9sentiel avec la participation de b\u00e9n\u00e9voles pour parfaire votre technique.<br><br>Ma pratique <br><strong><a href=\"http:\/\/www.flokardinal.org\/wordpress\/?page_id=8299\">http:\/\/www.flokardinal.org\/wordpress\/?page_id=8299<\/a><\/strong><\/td><\/tr><\/tbody><\/table><\/figure>\n\n\n\n<figure class=\"wp-block-image\"><img loading=\"lazy\" decoding=\"async\" width=\"768\" height=\"1024\" src=\"http:\/\/flokardinal.org\/wordpress\/wp-content\/uploads\/2021\/09\/photo-com-Les-Danses-de-La-Chamane-sigl\u00e9e--768x1024.jpg\" alt=\"\" class=\"wp-image-8166\" srcset=\"http:\/\/flokardinal.org\/wp-content\/uploads\/2021\/09\/photo-com-Les-Danses-de-La-Chamane-sigl\u00e9e--768x1024.jpg 768w, http:\/\/flokardinal.org\/wp-content\/uploads\/2021\/09\/photo-com-Les-Danses-de-La-Chamane-sigl\u00e9e--225x300.jpg 225w\" sizes=\"auto, (max-width: 768px) 100vw, 768px\" \/><\/figure>\n\n\n\n<figure class=\"wp-block-table\"><table><tbody><tr><td><strong>LES<\/strong>\u00a0<strong>DANSES DE LA CHAMANE<\/strong>\u2122\u00ae\u00a0<br>Le cursus d\u2019enseignement Les Danses de La Chamane\u2122\u00ae\u00a0: la voie de la pratique chamanique<br><br><strong>LES DANSES DE LA CHAMANE \u00ae\u2122<\/strong> : est un projet ART et CHAMANISME de la Cie Tir Group\u00e9 qui s&rsquo;articule autour de la Transe, de La Roue M\u00e9decine et du Corps dans la tradition de la transcendance chamanique. L&rsquo;enseignement est jalonn\u00e9 de rendus d&rsquo;exercices et de production d&rsquo;oeuvre ainsi que de prescriptions de rituels qui scellent votre travers\u00e9e dans cette r\u00e9alit\u00e9.<br><br><strong>FORMATION CONTINUE<\/strong> <strong>en organisation libre pour les s\u00e9ances individuelles :<\/strong><br>8 s\u00e9ances individuelles de 2 heures 30 : agenda \u00e0 poser ensemble<br>4 s\u00e9ances de danse -transe en distantiel. Les s\u00e9ances sont cycliques , elles sont mensuelles ,il y en a toute l&rsquo;ann\u00e9e ainsi vous pourrez naviguer au gr\u00e9s de la programmation pour b\u00e9n\u00e9ficier de 4 sessions ou plus selon vos besoins.<br>2 oeuvres \u00e0 cr\u00e9er soutenantes du processus<br>Un immersif de 3 jours sur Paris ( ou sur le lieu o\u00f9 je serai) en immersion en bin\u00f4me appel\u00e9 MARCHE 9<br>Un INTERNAT appel\u00e9 MARCHE 10 en pr\u00e9sentiel et collectif autour de l&rsquo;application de la pratique, des techniques avec des \u00e9changes autour de la r\u00e9alit\u00e9 de cette activit\u00e9 <br> <br><strong>Et si nous inventions une autre mani\u00e8re d&rsquo;exister ou \u00ab\u00a0<em>Comment utiliser quotidiennement Sa Roue M\u00e9decine pour cr\u00e9er en relation avec son environnement et gu\u00e9rir soi et les autres\u00a0\u00bb@Flo Kardinal<\/em><\/strong><br>\u00a0<br>Ce cursus s&rsquo;articule autour des pratiques ancestrales de gu\u00e9rison et de la m\u00e9thode exclusive sur l&rsquo;art de cr\u00e9er mise en place par la chor\u00e9graphe Flo Kardinal qui oeuvre au sein de la Compagnie Tir Group\u00e9.<br><br>Cet enseignement vous permettra de potentialiser vos ressources cr\u00e9atives et de d\u00e9velopper vos perceptions par le processus de la transe chamanique et de la roue de m\u00e9decine pour accompagner les personnes dans le cadre du bien-\u00eatre et de l&rsquo;\u00e9volution de la personne<br><br> \u00ab\u00a0<strong>Quand la Danse et le Corps nous ouvrent les portes de la connaissance : LA ROUE MEDECINE est une \u00e9cologie de L&rsquo;ETRE \u00a9 Flo Kardinal.<\/strong><br><strong>Enseignement sans substances addictives.<\/strong>\u00a0<br><br><strong>A QUI S\u2019ADRESSE CE CURSUS\u00a0?<\/strong><br>**aux artistes Vous y trouverez des outils pour potentialiser vos ressources cr\u00e9atives et r\u00e9aliser vos \u0153uvres.<br>** aux th\u00e9rapeutes\u00a0: Vous y rencontrerez des outils puissants et coh\u00e9rents pour mettre en place un nouvel espace d&rsquo;accompagnement \u00e0 la personne.<br>** aux chercheurs\u00a0: Ces outils vous permettront de vous ouvrir au monde de la perception et d&rsquo;entrer dans la dimension chamanique .C&rsquo;est une \u00e9cologie d&rsquo;existence.<br>\u00a0<br><strong>POURQUOI TRAVERSER CE CURSUS ?<\/strong><br><strong>Cycle 1<\/strong>\u00a0:\u00a0<strong>LA TRANSFORMATION<\/strong>: Le langage du corps par la vastitude du tissu sensoriel nous ouvre la porte \u00e0 la compr\u00e9hension profonde de notre \u00eatre. En langage chamanique cela se traduit par ROUE MEDECINE. Je vous propose une technique pr\u00e9cise et une gamme d&rsquo;outils pour vous reconnecter \u00e0 ce puissant outil .<br><br><strong>Cycle 2<\/strong>\u00a0:\u00a0<strong>L&rsquo;EMANCIPATION<\/strong>: \u00ab ETRE ne suffit pas \u00e0 EXISTER \u00bb il est question de l&rsquo;\u00e9cologie de la relation. Ce cycle vous ouvre le champ de l&rsquo;accompagnement holistique et vibratoire \u00e0 la personne \u00e0 travers la pratique chamanique.<br><br><strong>Les 2 Oeuvres<\/strong> qui scellent votre travers\u00e9e et ram\u00e8nent dans la mati\u00e8re le processus .<br><br><strong>Cycle 3<\/strong>:\u00a0<strong>L&rsquo;INTEGRATION\u00a0et\u00a0LA\u00a0COHERENCE<\/strong>: il s&rsquo;agit d&rsquo;int\u00e9grer l&rsquo;enseignement et de mettre en pratique les techniques chamaniques Cycle en pr\u00e9sentiel Il finalise votre formation de praticien en chamanisme. Acc\u00e8s \u00e0 la certification. Ce cycle est appel\u00e9 INTERNAT <br><br><strong>LES BENEFICES DE CET ENSEIGNEMENT<\/strong><br>La singularit\u00e9 de cet enseignement repose sur l\u2019ASPECT CREATIF. En effet Flo Kardinal a mis en place une technique unique pour vous permettre de vous relier de fa\u00e7on claire et s\u00fbre aux mondes des \u00e9nergies, \u00e0 travers la pertinence et la r\u00e9alit\u00e9 du CORPS afin de cr\u00e9er un pont entre les espaces visibles et invisibles et le manifester.<br><br><strong>CE QUE VOUS GARANTIT LE CURSUS<\/strong><br>Etant une technique d\u00e9pos\u00e9e et singuli\u00e8re, dont l&rsquo;utilisation est g\u00e9r\u00e9e, vous pourrez acqu\u00e9rir un SAVOIR FAIRE unique et l&rsquo;am\u00e9nager par la suite soit dans votre pratique professionnelle de th\u00e9rapeute soit dans le champ de votre registre d&rsquo;investigation personnelle ou professionnelle<br><br> <strong>AGENDA DU CURSUS <\/strong>: <a href=\"http:\/\/www.flokardinal.org\/wordpress\/?page_id=8709\">http:\/\/www.flokardinal.org\/wordpress\/?page_id=8709 <\/a><br><br><strong>LES PRATIQUES QUE VOUS APPRENDREZ A CONJUGUER\u00a0<\/strong><br>De fa\u00e7on tr\u00e8s sp\u00e9cifique l&rsquo;espace du CORPS : La transe corporelle, la danse des sens, le langage non verbal.<br>L&rsquo;utilisation d&rsquo;un instrument de musique (tambour, hochets, instruments percussifs et autres) et l&rsquo;ouverture de la voix.<br><strong>LA METHODE de gu\u00e9rison Les Danses de La Chamane\u00ae\u2122 :<\/strong><br>La posture de l&rsquo;\u00eatre canalis\u00e9\/La posture du th\u00e9rapeute<br>Les rituels de protection, d&rsquo;ancrage et de gu\u00e9rison<br>Les techniques du voyage chamanique<br>La reliance et les explorations pour construire\u00a0sa propre Roue M\u00e9decine<br>L&rsquo;animal de pouvoir et ses alli\u00e9s<br>Le rite de passage<br>Les m\u00e9thodes du soin \u00e0 soi-m\u00eame et \u00e0 l&rsquo;autre<br>La technique pour parfaire 2 grands soins chamaniques traditionnels <br>La reconqu\u00eate de son pouvoir cr\u00e9ateur personnel et de son pouvoir de gu\u00e9rison ouvrant sa place dans le monde et la communication claire avec son \u00e2me.<br><br><strong><a href=\"https:\/\/terrederessources.us11.list-manage.com\/track\/click?u=b2f3e40270b8fc802dbc6fbf1&amp;id=c1371bc722&amp;e=2890937220\" target=\"_blank\" rel=\"noreferrer noopener\">PRESENTATION DU CURSUS<\/a>\u00a0<\/strong><br><strong>TARIF<\/strong><br>1700 euros TARIF 2026 pour les cycles 1 et 2 et la Marche 9<br><br>Le cycle 3 ou INTERNAT appel\u00e9 MARCHE 10 se d\u00e9roule une fois vos 2 cycles termin\u00e9s il est programm\u00e9 il donne lieu \u00e0 la certification et se tient en collectif . <br>LE TARIF est de 550 euros <br><br>Le prix total de la formation s&rsquo;\u00e9l\u00e8ve \u00e0 2250 euros <br><br>Possibilit\u00e9 de paiement am\u00e9nag\u00e9 nous contacter \u00a0<a href=\"mailto:lasecousselibre@gmail.com\" target=\"_blank\" rel=\"noreferrer noopener\">lasecousselibre@gmail.com<\/a><br><br><strong>AGENDA DU CURSUS ET INSCRIPTION<\/strong><br><a href=\"http:\/\/www.flokardinal.org\/wordpress\/?page_id=8709\">http:\/\/www.flokardinal.org\/wordpress\/?page_id=8709<\/a><br><br><strong>NOUVEAUTE<\/strong> : Le cursus vous ouvre la possibilit\u00e9 de suivre un enseignement pr\u00e9cieux , une autre forme de chamanisme : Ouverture depuis Avril 2025 d&rsquo;une session <strong>Initiation \u00e0 l&rsquo;incorporation et \u00e0 la divination chamanique<\/strong> selon la tradition darkhat, r\u00e9serv\u00e9e aux \u00e9tudiants qui ont travers\u00e9 les 3 cycles du cursus .<br><br><strong>QUI EST FLO KARDINAL\u00a0?<\/strong><br>Flo kardinal chor\u00e9graphe et femme m\u00e9decine travaille depuis 30 ans autour de la transe, du corps, du potentiel cr\u00e9ateur et des outils d&rsquo;\u00e9mancipation de l&rsquo;\u00eatre. Elle vous transmet les outils pour cr\u00e9er votre Roue de M\u00e9decine.<br><br>Des terres d\u2019Afrique, en passant par l\u2019enseignement des Native am\u00e9rindiens pour rejoindre l\u2019esprit des Chamanes mongoles, Flo Kardinal de son nom de femme m\u00e9decine Flo White Wolf\u00a0a travers\u00e9 l\u2019initiation. Elle vous guidera sur le chemin de la voie des gu\u00e9risseurs et de la m\u00e9decine de l\u2019\u00e2me avec l\u2019esprit ouvert d\u2019\u00eatre fid\u00e8le \u00e0 votre r\u00e9alit\u00e9.<br><br>\u00ab\u00a0<em>Je m\u2019appelle Flo Kardinal. Je suis chor\u00e9graphe. Ma particularit\u00e9 est d&rsquo;\u00eatre une artiste autodidacte,une femme m\u00e9decine naturelle, j&rsquo;ai cherch\u00e9 les outils qui me permettraient de cr\u00e9er au niveau de mon imaginaire. Je les ai trouv\u00e9s sur mon chemin d\u2019exploration, ils m\u2019ont permis de cr\u00e9er au plus proche de ma Nature et donc librement. Ce sont Les outils de ma transformation en tant qu\u2019artiste et en tant qu\u2019\u00eatre humain. Aujourd\u2019hui j\u2019ai trouv\u00e9 et pens\u00e9 l\u2019espace pour vous les r\u00e9v\u00e9ler\u00a0<\/em>\u00bb\u00a9Flo Kardinal<br><br><strong><em>Les Danses de La Chamane\u00ae\u2122<\/em><\/strong><em>\u00a0\/ \u0153uvre, concept et m\u00e9thode sont d\u00e9pos\u00e9s \/ Tous droits r\u00e9serv\u00e9s Cie Tir Group\u00e9 \/ Flo kardinal\/2012<\/em><\/td><\/tr><\/tbody><\/table><\/figure>\n\n\n\n<figure class=\"wp-block-image size-full\"><img loading=\"lazy\" decoding=\"async\" width=\"720\" height=\"959\" src=\"http:\/\/flokardinal.org\/wp-content\/uploads\/2021\/09\/flo-kardinal-sigl\u00e9e.jpg\" alt=\"\" class=\"wp-image-8167\" srcset=\"http:\/\/flokardinal.org\/wp-content\/uploads\/2021\/09\/flo-kardinal-sigl\u00e9e.jpg 720w, http:\/\/flokardinal.org\/wp-content\/uploads\/2021\/09\/flo-kardinal-sigl\u00e9e-225x300.jpg 225w\" sizes=\"auto, (max-width: 720px) 100vw, 720px\" \/><\/figure>\n\n\n\n<figure class=\"wp-block-table\"><table><tbody><tr><td><strong>PLUS D\u2019INFOS \/ INSCRIPTIONS<\/strong><br><a href=\"flowhitewolf@gmail.com\">flowhitewolf@gmail.com<\/a><br><a rel=\"noreferrer noopener\" href=\"http:\/\/www.flokardinal.org\/wordpress\/?page_id=4468\" target=\"_blank\"><\/a><br><\/td><\/tr><\/tbody><\/table><\/figure>\n\n\n\n<figure class=\"wp-block-image size-full\"><img loading=\"lazy\" decoding=\"async\" width=\"960\" height=\"960\" src=\"http:\/\/flokardinal.org\/wp-content\/uploads\/2022\/04\/278960654_7513754505331309_8882495786421104010_n.jpg\" alt=\"\" class=\"wp-image-8455\" srcset=\"http:\/\/flokardinal.org\/wp-content\/uploads\/2022\/04\/278960654_7513754505331309_8882495786421104010_n.jpg 960w, http:\/\/flokardinal.org\/wp-content\/uploads\/2022\/04\/278960654_7513754505331309_8882495786421104010_n-150x150.jpg 150w, http:\/\/flokardinal.org\/wp-content\/uploads\/2022\/04\/278960654_7513754505331309_8882495786421104010_n-300x300.jpg 300w, http:\/\/flokardinal.org\/wp-content\/uploads\/2022\/04\/278960654_7513754505331309_8882495786421104010_n-768x768.jpg 768w\" sizes=\"auto, (max-width: 960px) 100vw, 960px\" \/><\/figure>\n\n\n\n<figure class=\"wp-block-image size-large\"><img loading=\"lazy\" decoding=\"async\" width=\"1024\" height=\"1024\" src=\"http:\/\/flokardinal.org\/wp-content\/uploads\/2022\/04\/278942611_7513754508664642_2772292158679308920_n-1024x1024.jpg\" alt=\"\" class=\"wp-image-8456\" srcset=\"http:\/\/flokardinal.org\/wp-content\/uploads\/2022\/04\/278942611_7513754508664642_2772292158679308920_n-1024x1024.jpg 1024w, http:\/\/flokardinal.org\/wp-content\/uploads\/2022\/04\/278942611_7513754508664642_2772292158679308920_n-150x150.jpg 150w, http:\/\/flokardinal.org\/wp-content\/uploads\/2022\/04\/278942611_7513754508664642_2772292158679308920_n-300x300.jpg 300w, http:\/\/flokardinal.org\/wp-content\/uploads\/2022\/04\/278942611_7513754508664642_2772292158679308920_n-768x768.jpg 768w, http:\/\/flokardinal.org\/wp-content\/uploads\/2022\/04\/278942611_7513754508664642_2772292158679308920_n.jpg 1080w\" sizes=\"auto, (max-width: 1024px) 100vw, 1024px\" \/><\/figure>\n\n\n\n<figure class=\"wp-block-image\"><img loading=\"lazy\" decoding=\"async\" width=\"1024\" height=\"768\" src=\"http:\/\/flokardinal.org\/wordpress\/wp-content\/uploads\/2022\/05\/IMG-20220506-WA0005-1024x768.jpg\" alt=\"\" class=\"wp-image-8463\" srcset=\"http:\/\/flokardinal.org\/wp-content\/uploads\/2022\/05\/IMG-20220506-WA0005-1024x768.jpg 1024w, http:\/\/flokardinal.org\/wp-content\/uploads\/2022\/05\/IMG-20220506-WA0005-300x225.jpg 300w, http:\/\/flokardinal.org\/wp-content\/uploads\/2022\/05\/IMG-20220506-WA0005-768x576.jpg 768w, http:\/\/flokardinal.org\/wp-content\/uploads\/2022\/05\/IMG-20220506-WA0005.jpg 1600w\" sizes=\"auto, (max-width: 1024px) 100vw, 1024px\" \/><\/figure>\n\n\n\n<figure class=\"wp-block-image size-large\"><img loading=\"lazy\" decoding=\"async\" width=\"1024\" height=\"1024\" src=\"http:\/\/flokardinal.org\/wp-content\/uploads\/2022\/07\/294017114_7929089453797810_3386500536063371213_n-1024x1024.jpg\" alt=\"\" class=\"wp-image-8518\" srcset=\"http:\/\/flokardinal.org\/wp-content\/uploads\/2022\/07\/294017114_7929089453797810_3386500536063371213_n-1024x1024.jpg 1024w, http:\/\/flokardinal.org\/wp-content\/uploads\/2022\/07\/294017114_7929089453797810_3386500536063371213_n-150x150.jpg 150w, http:\/\/flokardinal.org\/wp-content\/uploads\/2022\/07\/294017114_7929089453797810_3386500536063371213_n-300x300.jpg 300w, http:\/\/flokardinal.org\/wp-content\/uploads\/2022\/07\/294017114_7929089453797810_3386500536063371213_n-768x768.jpg 768w, http:\/\/flokardinal.org\/wp-content\/uploads\/2022\/07\/294017114_7929089453797810_3386500536063371213_n.jpg 1080w\" sizes=\"auto, (max-width: 1024px) 100vw, 1024px\" \/><figcaption class=\"wp-element-caption\">Flo White Wolf et sa tuchee  Bujin Lkhagvadorj<\/figcaption><\/figure>\n\n\n\n<p class=\"has-small-font-size\">Les Danses de La Chamane @ est une cr\u00e9ation de la Compagnie Tir group\u00e9 et de son auteure Flo Kardinal et \u00e0 ce titre d\u00e9pos\u00e9e et prot\u00e9g\u00e9e par les lois en vigueur.<\/p>\n\n\n\n<figure class=\"wp-block-image size-full\"><a href=\"http:\/\/flokardinal.org\/wp-content\/uploads\/2023\/05\/tga_blanc_noir-TIPE.jpg\"><img loading=\"lazy\" decoding=\"async\" width=\"111\" height=\"192\" src=\"http:\/\/flokardinal.org\/wp-content\/uploads\/2023\/05\/tga_blanc_noir-TIPE.jpg\" alt=\"\" class=\"wp-image-9198\"\/><\/a><figcaption class=\"wp-element-caption\">Cie Tir Group\u00e9 d&rsquo;Artistes<\/figcaption><\/figure>\n\n\n<p><!--EndFragment--><\/p>\n<\/p>\n\n\n<p><\/p>\n","protected":false},"excerpt":{"rendered":"<p>Retrouver sa nature sauvage , son essence , son pouvoir de cr\u00e9ation et de gu\u00e9rison et l&rsquo;am\u00e9nager dans la sph\u00e8re de l&rsquo;accompagnement de l&rsquo;\u00eatre. https:\/\/www.instagram.com\/tv\/Ci-DysfjqbA\/?igshid=MDJmNzVkMjY lien du petit post vid\u00e9o instagram ci dessus LES\u00a0DANSES DE LA CHAMANE\u2122\u00ae\u00ab\u00a0La voie de la pratique chamanique\u00a0\u00bbCursus d\u2019enseignementNouvelle formule 2027 : l&rsquo;initiation \u00e0 la voie chamanique : un cursus p\u00e9dagogique &hellip; <a href=\"http:\/\/flokardinal.org\/?page_id=8704\" class=\"more-link\">Continuer la lecture de <span class=\"screen-reader-text\">Initiation a la voie chamanique : nouvelle formule<\/span>  <span class=\"meta-nav\">&rarr;<\/span><\/a><\/p>\n","protected":false},"author":1,"featured_media":3934,"parent":4468,"menu_order":0,"comment_status":"closed","ping_status":"closed","template":"","meta":{"footnotes":""},"class_list":["post-8704","page","type-page","status-publish","has-post-thumbnail","hentry"],"yoast_head":"<!-- This site is optimized with the Yoast SEO plugin v27.5 - https:\/\/yoast.com\/product\/yoast-seo-wordpress\/ -->\n<title>Initiation a la voie chamanique : nouvelle formule - Les danses de la chamane<\/title>\n<meta name=\"robots\" content=\"index, follow, max-snippet:-1, max-image-preview:large, max-video-preview:-1\" \/>\n<link rel=\"canonical\" href=\"https:\/\/flokardinal.org\/?page_id=8704\" \/>\n<meta property=\"og:locale\" content=\"fr_FR\" \/>\n<meta property=\"og:type\" content=\"article\" \/>\n<meta property=\"og:title\" content=\"Initiation a la voie chamanique : nouvelle formule - Les danses de la chamane\" \/>\n<meta property=\"og:description\" content=\"Retrouver sa nature sauvage , son essence , son pouvoir de cr\u00e9ation et de gu\u00e9rison et l&rsquo;am\u00e9nager dans la sph\u00e8re de l&rsquo;accompagnement de l&rsquo;\u00eatre. https:\/\/www.instagram.com\/tv\/Ci-DysfjqbA\/?igshid=MDJmNzVkMjY lien du petit post vid\u00e9o instagram ci dessus LES\u00a0DANSES DE LA CHAMANE\u2122\u00ae\u00ab\u00a0La voie de la pratique chamanique\u00a0\u00bbCursus d\u2019enseignementNouvelle formule 2027 : l&rsquo;initiation \u00e0 la voie chamanique : un cursus p\u00e9dagogique &hellip; Continuer la lecture de Initiation a la voie chamanique : nouvelle formule &rarr;\" \/>\n<meta property=\"og:url\" content=\"https:\/\/flokardinal.org\/?page_id=8704\" \/>\n<meta property=\"og:site_name\" content=\"Les danses de la chamane\" \/>\n<meta property=\"article:modified_time\" content=\"2026-03-01T08:26:39+00:00\" \/>\n<meta property=\"og:image\" content=\"https:\/\/flokardinal.org\/wp-content\/uploads\/2019\/01\/IMG_2985.jpg\" \/>\n\t<meta property=\"og:image:width\" content=\"4032\" \/>\n\t<meta property=\"og:image:height\" content=\"3024\" \/>\n\t<meta property=\"og:image:type\" content=\"image\/jpeg\" \/>\n<meta name=\"twitter:card\" content=\"summary_large_image\" \/>\n<meta name=\"twitter:site\" content=\"@kardinal93\" \/>\n<meta name=\"twitter:label1\" content=\"Dur\u00e9e de lecture estim\u00e9e\" \/>\n\t<meta name=\"twitter:data1\" content=\"9 minutes\" \/>\n<script type=\"application\/ld+json\" class=\"yoast-schema-graph\">{\"@context\":\"https:\\\/\\\/schema.org\",\"@graph\":[{\"@type\":\"WebPage\",\"@id\":\"https:\\\/\\\/flokardinal.org\\\/?page_id=8704\",\"url\":\"https:\\\/\\\/flokardinal.org\\\/?page_id=8704\",\"name\":\"Initiation a la voie chamanique : nouvelle formule - Les danses de la chamane\",\"isPartOf\":{\"@id\":\"https:\\\/\\\/flokardinal.org\\\/#website\"},\"primaryImageOfPage\":{\"@id\":\"https:\\\/\\\/flokardinal.org\\\/?page_id=8704#primaryimage\"},\"image\":{\"@id\":\"https:\\\/\\\/flokardinal.org\\\/?page_id=8704#primaryimage\"},\"thumbnailUrl\":\"http:\\\/\\\/flokardinal.org\\\/wp-content\\\/uploads\\\/2019\\\/01\\\/IMG_2985.jpg\",\"datePublished\":\"2022-09-26T12:59:40+00:00\",\"dateModified\":\"2026-03-01T08:26:39+00:00\",\"breadcrumb\":{\"@id\":\"https:\\\/\\\/flokardinal.org\\\/?page_id=8704#breadcrumb\"},\"inLanguage\":\"fr-FR\",\"potentialAction\":[{\"@type\":\"ReadAction\",\"target\":[\"https:\\\/\\\/flokardinal.org\\\/?page_id=8704\"]}]},{\"@type\":\"ImageObject\",\"inLanguage\":\"fr-FR\",\"@id\":\"https:\\\/\\\/flokardinal.org\\\/?page_id=8704#primaryimage\",\"url\":\"http:\\\/\\\/flokardinal.org\\\/wp-content\\\/uploads\\\/2019\\\/01\\\/IMG_2985.jpg\",\"contentUrl\":\"http:\\\/\\\/flokardinal.org\\\/wp-content\\\/uploads\\\/2019\\\/01\\\/IMG_2985.jpg\",\"width\":4032,\"height\":3024},{\"@type\":\"BreadcrumbList\",\"@id\":\"https:\\\/\\\/flokardinal.org\\\/?page_id=8704#breadcrumb\",\"itemListElement\":[{\"@type\":\"ListItem\",\"position\":1,\"name\":\"Accueil\",\"item\":\"https:\\\/\\\/flokardinal.org\\\/\"},{\"@type\":\"ListItem\",\"position\":2,\"name\":\"Le cursus d&rsquo;enseignement Les Danses de La Chamane\u00ae\u2122 : un rituel de Transe-formation et d&rsquo;\u00e9mancipation\",\"item\":\"https:\\\/\\\/flokardinal.org\\\/?page_id=8378\"},{\"@type\":\"ListItem\",\"position\":3,\"name\":\"LES DANSES DE LA CHAMANE @ 2025-2026\",\"item\":\"https:\\\/\\\/flokardinal.org\\\/?page_id=4468\"},{\"@type\":\"ListItem\",\"position\":4,\"name\":\"Initiation a la voie chamanique : nouvelle formule\"}]},{\"@type\":\"WebSite\",\"@id\":\"https:\\\/\\\/flokardinal.org\\\/#website\",\"url\":\"https:\\\/\\\/flokardinal.org\\\/\",\"name\":\"Les danses de la chamane\",\"description\":\"Le corps cr\u00e9ateur gu\u00e9risseur salvateur\",\"potentialAction\":[{\"@type\":\"SearchAction\",\"target\":{\"@type\":\"EntryPoint\",\"urlTemplate\":\"https:\\\/\\\/flokardinal.org\\\/?s={search_term_string}\"},\"query-input\":{\"@type\":\"PropertyValueSpecification\",\"valueRequired\":true,\"valueName\":\"search_term_string\"}}],\"inLanguage\":\"fr-FR\"}]}<\/script>\n<!-- \/ Yoast SEO plugin. -->","yoast_head_json":{"title":"Initiation a la voie chamanique : nouvelle formule - Les danses de la chamane","robots":{"index":"index","follow":"follow","max-snippet":"max-snippet:-1","max-image-preview":"max-image-preview:large","max-video-preview":"max-video-preview:-1"},"canonical":"https:\/\/flokardinal.org\/?page_id=8704","og_locale":"fr_FR","og_type":"article","og_title":"Initiation a la voie chamanique : nouvelle formule - Les danses de la chamane","og_description":"Retrouver sa nature sauvage , son essence , son pouvoir de cr\u00e9ation et de gu\u00e9rison et l&rsquo;am\u00e9nager dans la sph\u00e8re de l&rsquo;accompagnement de l&rsquo;\u00eatre. https:\/\/www.instagram.com\/tv\/Ci-DysfjqbA\/?igshid=MDJmNzVkMjY lien du petit post vid\u00e9o instagram ci dessus LES\u00a0DANSES DE LA CHAMANE\u2122\u00ae\u00ab\u00a0La voie de la pratique chamanique\u00a0\u00bbCursus d\u2019enseignementNouvelle formule 2027 : l&rsquo;initiation \u00e0 la voie chamanique : un cursus p\u00e9dagogique &hellip; Continuer la lecture de Initiation a la voie chamanique : nouvelle formule &rarr;","og_url":"https:\/\/flokardinal.org\/?page_id=8704","og_site_name":"Les danses de la chamane","article_modified_time":"2026-03-01T08:26:39+00:00","og_image":[{"width":4032,"height":3024,"url":"https:\/\/flokardinal.org\/wp-content\/uploads\/2019\/01\/IMG_2985.jpg","type":"image\/jpeg"}],"twitter_card":"summary_large_image","twitter_site":"@kardinal93","twitter_misc":{"Dur\u00e9e de lecture estim\u00e9e":"9 minutes"},"schema":{"@context":"https:\/\/schema.org","@graph":[{"@type":"WebPage","@id":"https:\/\/flokardinal.org\/?page_id=8704","url":"https:\/\/flokardinal.org\/?page_id=8704","name":"Initiation a la voie chamanique : nouvelle formule - Les danses de la chamane","isPartOf":{"@id":"https:\/\/flokardinal.org\/#website"},"primaryImageOfPage":{"@id":"https:\/\/flokardinal.org\/?page_id=8704#primaryimage"},"image":{"@id":"https:\/\/flokardinal.org\/?page_id=8704#primaryimage"},"thumbnailUrl":"http:\/\/flokardinal.org\/wp-content\/uploads\/2019\/01\/IMG_2985.jpg","datePublished":"2022-09-26T12:59:40+00:00","dateModified":"2026-03-01T08:26:39+00:00","breadcrumb":{"@id":"https:\/\/flokardinal.org\/?page_id=8704#breadcrumb"},"inLanguage":"fr-FR","potentialAction":[{"@type":"ReadAction","target":["https:\/\/flokardinal.org\/?page_id=8704"]}]},{"@type":"ImageObject","inLanguage":"fr-FR","@id":"https:\/\/flokardinal.org\/?page_id=8704#primaryimage","url":"http:\/\/flokardinal.org\/wp-content\/uploads\/2019\/01\/IMG_2985.jpg","contentUrl":"http:\/\/flokardinal.org\/wp-content\/uploads\/2019\/01\/IMG_2985.jpg","width":4032,"height":3024},{"@type":"BreadcrumbList","@id":"https:\/\/flokardinal.org\/?page_id=8704#breadcrumb","itemListElement":[{"@type":"ListItem","position":1,"name":"Accueil","item":"https:\/\/flokardinal.org\/"},{"@type":"ListItem","position":2,"name":"Le cursus d&rsquo;enseignement Les Danses de La Chamane\u00ae\u2122 : un rituel de Transe-formation et d&rsquo;\u00e9mancipation","item":"https:\/\/flokardinal.org\/?page_id=8378"},{"@type":"ListItem","position":3,"name":"LES DANSES DE LA CHAMANE @ 2025-2026","item":"https:\/\/flokardinal.org\/?page_id=4468"},{"@type":"ListItem","position":4,"name":"Initiation a la voie chamanique : nouvelle formule"}]},{"@type":"WebSite","@id":"https:\/\/flokardinal.org\/#website","url":"https:\/\/flokardinal.org\/","name":"Les danses de la chamane","description":"Le corps cr\u00e9ateur gu\u00e9risseur salvateur","potentialAction":[{"@type":"SearchAction","target":{"@type":"EntryPoint","urlTemplate":"https:\/\/flokardinal.org\/?s={search_term_string}"},"query-input":{"@type":"PropertyValueSpecification","valueRequired":true,"valueName":"search_term_string"}}],"inLanguage":"fr-FR"}]}},"_links":{"self":[{"href":"http:\/\/flokardinal.org\/index.php?rest_route=\/wp\/v2\/pages\/8704","targetHints":{"allow":["GET"]}}],"collection":[{"href":"http:\/\/flokardinal.org\/index.php?rest_route=\/wp\/v2\/pages"}],"about":[{"href":"http:\/\/flokardinal.org\/index.php?rest_route=\/wp\/v2\/types\/page"}],"author":[{"embeddable":true,"href":"http:\/\/flokardinal.org\/index.php?rest_route=\/wp\/v2\/users\/1"}],"replies":[{"embeddable":true,"href":"http:\/\/flokardinal.org\/index.php?rest_route=%2Fwp%2Fv2%2Fcomments&post=8704"}],"version-history":[{"count":49,"href":"http:\/\/flokardinal.org\/index.php?rest_route=\/wp\/v2\/pages\/8704\/revisions"}],"predecessor-version":[{"id":10080,"href":"http:\/\/flokardinal.org\/index.php?rest_route=\/wp\/v2\/pages\/8704\/revisions\/10080"}],"up":[{"embeddable":true,"href":"http:\/\/flokardinal.org\/index.php?rest_route=\/wp\/v2\/pages\/4468"}],"wp:featuredmedia":[{"embeddable":true,"href":"http:\/\/flokardinal.org\/index.php?rest_route=\/wp\/v2\/media\/3934"}],"wp:attachment":[{"href":"http:\/\/flokardinal.org\/index.php?rest_route=%2Fwp%2Fv2%2Fmedia&parent=8704"}],"curies":[{"name":"wp","href":"https:\/\/api.w.org\/{rel}","templated":true}]}}