{"id":394,"date":"2015-06-14T19:44:55","date_gmt":"2015-06-14T18:44:55","guid":{"rendered":"http:\/\/flokardinal.org\/wordpress\/?page_id=394"},"modified":"2022-04-10T20:52:34","modified_gmt":"2022-04-10T19:52:34","slug":"lassociation-porteuse-des-projets","status":"publish","type":"page","link":"http:\/\/flokardinal.org\/?page_id=394","title":{"rendered":"L&rsquo;association porteuse des projets"},"content":{"rendered":"<p><strong>L\u2019 ASSOCIATION PORTEUSE DU PROJET&nbsp;: TIR GROUP\u00e9<\/strong><\/p>\n<p>Siret 394&nbsp;454&nbsp;789 00022&nbsp; &nbsp;APE 9002Z&nbsp; Licence N\u00b02 -1086993<\/p>\n<p>contact <a href=\"mailto:tirgroupe@hotmail.fr\">tirgroupe@hotmail.fr&nbsp;<\/a><\/p>\n<p><strong>Pr\u00e9sentation de l\u2019Association et de ses actions: TIR GROUP\u00e9<\/strong><\/p>\n<p>D\u00e9s l\u2019origine porteuse de projets vers l\u2019\u00e9mancipation des groupes minoritaires et du public , elle soutient des initiatives singuli\u00e8res et originales en partenariat avec des structures institutionnelles et\/ou associatives.<\/p>\n<p>Fer de lance de l\u2019association , la chor\u00e9graphe Flo kardinal voyage au c\u0153ur des pr\u00e9occupations de l\u2019humain , ind\u00e9pendamment des sujets normatifs.<\/p>\n<p>Cr\u00e9\u00e9e en 1993 , elle a pour \u00ab&nbsp;buts de d\u00e9velopper les courants artistiques contemporains (en particulier chor\u00e9graphiques) ,dans le cadre d\u2019une recherche sp\u00e9cifique fond\u00e9e sur la cr\u00e9ation de structures adaptables \u00e0 tout type de lieux , \u00e9v\u00eanements ,objets&nbsp;\u00bb.\u00a9<\/p>\n<p>C&rsquo;est l&rsquo;objet de l&rsquo;association d&rsquo;\u00eatre un pont entre les arts et les productions rassemblent pour la plupart un m\u00e9tissage d&rsquo;artistes , de disciplines , de techniques dans le sens de l&rsquo;univers de la chor\u00e9graphe Florence Kardinal et sous sa direction artistique.<\/p>\n<p><strong>L\u2019 \u00e9quipe administrative de la Cie TIR GROUP\u00e9<\/strong><\/p>\n<p>Pr\u00e9sident&nbsp;:Manuel VOGT<\/p>\n<p>Secr\u00e9taire Nelly CAPRON<\/p>\n<p>Tr\u00e9sori\u00e8re&nbsp;: Gabrielle CHEDAL<\/p>\n<p>Missionn\u00e9e pour les \u00e9changes inter artistiques , conseill\u00e9re en communication et charg\u00e9e&nbsp; de projets Morgane POLICHISO<\/p>\n<p>Conseil en production Jos\u00e9 ZEBBOUDJ<\/p>\n<p>et tous les membres actifs , Artistes et b\u00e9n\u00e9voles de l\u2019art engag\u00e9 \u00e0 travers l\u2019association TIR GROUP\u00e9<\/p>\n<p><strong>Partenaires de l\u2019association Tir Group\u00e9 :&nbsp;<\/strong><\/p>\n<p>La Cie Tir Group\u00e9 tient \u00e0 remercier les partenaires qui soutiennent son action<\/p>\n<p>Le th\u00e9\u00e2tre INTERFACE Suisse,et son directeur Paul Patin<\/p>\n<p>Le CND Pantin ( mise \u00e0 disposition de studios de r\u00e9p\u00e9titions ),<\/p>\n<p>L&rsquo;ArrOndi &nbsp;\u00e0 Soulaires et Nicolas Br\u00e9ant,<\/p>\n<p>Le Collectil La Main,<\/p>\n<p>Le Collectif Les Tailleurs d\u2019Envies Aubervilliers<\/p>\n<p>Le Ch\u00eane, lieu de r\u00e9sidences artistiques<\/p>\n<p>Micadances,<\/p>\n<p>RAVIV ( dans le cadre des structures offrant des espaces de r\u00e9p\u00e9titions en \u00e9t\u00e9)<\/p>\n<p>Le Collectif La Petite Maison<\/p>\n<p>Festival REVES DE CEDRES .<\/p>\n<p><em>Depuis la cr\u00e9ation de la pratique AFRIP HOP \u00ae\u2122 et de&nbsp;la technique LA SECOUSSE LIBRE\u00ae\u2122par Flo Kardinal , l&rsquo;association TIR GROUP\u00e9 a mis en place des projets artistiques et p\u00e9dagogiques sp\u00e9cifiques<\/em><\/p>\n<p><strong>Sur le plan chor\u00e9graphique:<\/strong><\/p>\n<p>&#8212;<strong><em>La CIE &nbsp;RACINE 2H&nbsp;<\/em><\/strong><em>soutenue par Tir Group\u00e9 se produit dans :<\/em><\/p>\n<p><em>**Le Duo \u00ab&nbsp;<\/em><strong><em>L\u2019AMOUR<\/em><\/strong><em>&nbsp;\u00bb Th\u00e9\u00e2tre Contemporain de la danse Paris 2000<\/em><\/p>\n<p><em>**\u00ab<\/em><strong><em>&nbsp;DERAPAGES&nbsp;<\/em><\/strong><em>\u00bb jou\u00e9 \u00e0 deux reprises au Caf\u00e9 de la danse Paris 2002 cr\u00e9ation en association avec 3 chor\u00e9graphes internationaux et 14 Danseurs.<\/em><\/p>\n<p><em>**\u00ab<\/em><strong><em>OCRE ROUGE&nbsp;<\/em><\/strong><em>\u00bb au TRYPTIQUE Paris Nov.2003 et 2004.<\/em><\/p>\n<p><em>&#8211;Naissance de&nbsp;<\/em><strong><em>La Cie Tir Group\u00e9 :<\/em><\/strong><\/p>\n<p><em>**\u00ab&nbsp;<\/em><strong><em>KEM&nbsp;<\/em><\/strong><em>\u00bb solo de Flo Kardinal ( concept chor\u00e9graphique et p\u00e9dagogique ) Commande de la Communaut\u00e9 des Communes de Neussargues Avril 2008,en Juillet 2009 au Festival \u00ab B\u00f4 M\u00e9lange \u00bb \u00e0 Saint Etienne avec le soutien du Nouveau Th\u00e9\u00e2tre Beaulieu et de l\u2019Op\u00e9ra Th\u00e9\u00e2tre de Saint Etienne<\/em><\/p>\n<p><em>**Live &nbsp;de Flo Kardinal avec la chanteuse GRACE \u00e0 Saint Etienne lors du festival B\u00f4 M\u00e9lange 2011<\/em><\/p>\n<p><em>**\u00a0\u00bb<\/em><strong><em>VOODOO CHILD 2010&Prime;<\/em><\/strong><em>&nbsp;quatuor en 2011 \/2012 &nbsp;: Festival B\u00f4 M\u00e9lange2011 , MJC Th\u00e9\u00e2tre Beaulieu 2011, Nouveau Th\u00e9atre Op\u00e9ra de Saint Etienne , En 2012 &nbsp;Coproduction avec le Th\u00e9\u00e2tre La Reine Blanche Paris ,soutien de Cr\u00e9dit Mutuel Ile de France .<\/em><\/p>\n<p><em>**\u00a0\u00bb<\/em><strong><em>SOUS LE MASQUE\u00a0\u00bb<\/em><\/strong><em>&nbsp;2013 Pr\u00e9sent\u00e9 au Centre national de&nbsp;la&nbsp;danse et 2014 Pr\u00e9sentation au Centre national de la danse.<\/em><\/p>\n<p><em>**<\/em><strong><em>CORPS D\u2019ARGILE<\/em><\/strong><em>&nbsp;2014 et 2015 a b\u00e9n\u00e9fici\u00e9 du partage d\u2019espace du protocole RAVIV \u00e9t\u00e9 2014<\/em><\/p>\n<p><em>**\u00a0\u00bb<\/em><strong><em>VEGETAL\u00a9 Performance\u00a0\u00bb&nbsp;<\/em><\/strong><em>2015 Chapiteau LES NOCTAMBULES Nanterre cr\u00e9ation et r\u00e9sidence.Modules p\u00e9dagogiques pour les performeurs.<\/em><\/p>\n<p><em>**<\/em><strong><em>LES &nbsp;ESPRITS DE LA FORET<\/em><\/strong><em>\u00a9 2016 : Marseille Th\u00e9\u00e2tre Sainte Catherine, Festival R\u00eave de C\u00e8dres<\/em><\/p>\n<p><em>**<\/em><strong><em>RITUEL<\/em><\/strong><em>\u00a9r\u00e9sidences Soulaires, Le Ch\u00eane , CND , 2016 Th\u00e9\u00e2tre Interface Suisse Sion 2017<\/em><\/p>\n<p><em>**Parcours p\u00e9dagogiques : Festival Erosph\u00e9re Paris 2015<\/em><\/p>\n<p><em>**Performances Xplore Berlin 2016<\/em><\/p>\n<p><em>**Festival R\u00eaVES DE CEDRES Performance solo <\/em><strong><em>AU DELA<\/em><\/strong><em> Juin 2016 et 2018<\/em><\/p>\n<p><em>**Festival FAIT MAISON Micadances JUIN 2018 <\/em><strong><em>DE LA TRANSE A LA PERFORMANCE&nbsp;<\/em><\/strong><\/p>\n<p><strong>&nbsp;<\/strong><em>TIR GROUP\u00e9 a \u00e9t\u00e9 soutenu par<\/em><\/p>\n<p><em>Le Th\u00e9\u00e2tre LA REINE BLANCHE et LE CREDIT MUTUEL Paris Magenta, pour la cr\u00e9ation VOODOO CHILD 2010 &nbsp; &nbsp;<\/em><\/p>\n<p><em>Le protocole RAVIV partage d\u2019espace de r\u00e9p\u00e9titions \u00e9t\u00e9 2014 et \u00e9t\u00e9 2015, \u00e9t\u00e9 2016 pour VEGETAL Performance , Corps d&rsquo;Argile et RITUEL Performance&nbsp;<\/em><\/p>\n<p><em>Le chapiteau LES NOCTAMBULES Nanterre pour VEGETAL Performance&nbsp;<\/em><\/p>\n<p><em>La Cie TIR GROUP\u00e9 a b\u00e9n\u00e9fici\u00e9 de la mise \u00e0 disposition de studio par Le CND, Un centre d&rsquo;art pour la danse pour les cr\u00e9ations SOUS LE MASQUE CORPS D\u2019ARGILE , VEGETAL Performance,et derni\u00e8rement RITUEL Performance ,<\/em><\/p>\n<p><em>&nbsp;Micadanses pour le protocole&nbsp; d&rsquo;exploration artistique en immersion artistique AUTOUR DE VEGETAL\u00a9 destin\u00e9 aux professionnels en 2016 et 2017 .<\/em>Programmation au Festival FAIT MAISON 2018<\/p>\n<p>Le Collectif La Main , Le Collectif La Petite Maison, Le Collectif Les Tailleurs d&rsquo;Envies , Le Th\u00e9\u00e2tre interface Suisse Sion Soutiennent la Cie Tir Group\u00e9 dans le cadre de la cr\u00e9ation&nbsp; RITUEL Performance<\/p>\n<p>Les derni\u00e8res pi\u00e8ces et axes de recherches<\/p>\n<p>**Anatomie de l&rsquo;extase protocole performatif et cr\u00e9atif d\u00e9velopp\u00e9 lors de sessions dr\u00f4moises \u00e0 La Ferme Des Dames , adaptable \u00e0 tous types de lieux. Recherche cr\u00e9\u00e9e autour d&rsquo;une exp\u00e9dition en montagne.<\/p>\n<p>**Outremondes s\u00e9rie chor\u00e9graphique n\u00e9e \u00e0 partir d&rsquo;une s\u00e9rie photographique datant de 2018 , performances dans des espaces atypiques: galeries, nature, cabanes,yourtes, lieu de m\u00e9ditation, lieu sacr\u00e9s.<\/p>\n<p>**Esprits ouverture du chantier musical et chor\u00e9graphique en 2021,<\/p>\n<p><strong>&nbsp;<\/strong><\/p>\n","protected":false},"excerpt":{"rendered":"<p>L\u2019 ASSOCIATION PORTEUSE DU PROJET&nbsp;: TIR GROUP\u00e9 Siret 394&nbsp;454&nbsp;789 00022&nbsp; &nbsp;APE 9002Z&nbsp; Licence N\u00b02 -1086993 contact tirgroupe@hotmail.fr&nbsp; Pr\u00e9sentation de l\u2019Association et de ses actions: TIR GROUP\u00e9 D\u00e9s l\u2019origine porteuse de projets vers l\u2019\u00e9mancipation des groupes minoritaires et du public , elle soutient des initiatives singuli\u00e8res et originales en partenariat avec des structures institutionnelles et\/ou associatives. &hellip; <a href=\"http:\/\/flokardinal.org\/?page_id=394\" class=\"more-link\">Continuer la lecture de <span class=\"screen-reader-text\">L&rsquo;association porteuse des projets<\/span>  <span class=\"meta-nav\">&rarr;<\/span><\/a><\/p>\n","protected":false},"author":1,"featured_media":0,"parent":0,"menu_order":9,"comment_status":"closed","ping_status":"open","template":"","meta":{"footnotes":""},"class_list":["post-394","page","type-page","status-publish","hentry"],"yoast_head":"<!-- This site is optimized with the Yoast SEO plugin v27.5 - https:\/\/yoast.com\/product\/yoast-seo-wordpress\/ -->\n<title>L&#039;association porteuse des projets - Les danses de la chamane<\/title>\n<meta name=\"robots\" content=\"index, follow, max-snippet:-1, max-image-preview:large, max-video-preview:-1\" \/>\n<link rel=\"canonical\" href=\"https:\/\/flokardinal.org\/?page_id=394\" \/>\n<meta property=\"og:locale\" content=\"fr_FR\" \/>\n<meta property=\"og:type\" content=\"article\" \/>\n<meta property=\"og:title\" content=\"L&#039;association porteuse des projets - Les danses de la chamane\" \/>\n<meta property=\"og:description\" content=\"L\u2019 ASSOCIATION PORTEUSE DU PROJET&nbsp;: TIR GROUP\u00e9 Siret 394&nbsp;454&nbsp;789 00022&nbsp; &nbsp;APE 9002Z&nbsp; Licence N\u00b02 -1086993 contact tirgroupe@hotmail.fr&nbsp; Pr\u00e9sentation de l\u2019Association et de ses actions: TIR GROUP\u00e9 D\u00e9s l\u2019origine porteuse de projets vers l\u2019\u00e9mancipation des groupes minoritaires et du public , elle soutient des initiatives singuli\u00e8res et originales en partenariat avec des structures institutionnelles et\/ou associatives. &hellip; Continuer la lecture de L&rsquo;association porteuse des projets &rarr;\" \/>\n<meta property=\"og:url\" content=\"https:\/\/flokardinal.org\/?page_id=394\" \/>\n<meta property=\"og:site_name\" content=\"Les danses de la chamane\" \/>\n<meta property=\"article:modified_time\" content=\"2022-04-10T19:52:34+00:00\" \/>\n<meta name=\"twitter:card\" content=\"summary_large_image\" \/>\n<meta name=\"twitter:site\" content=\"@kardinal93\" \/>\n<meta name=\"twitter:label1\" content=\"Dur\u00e9e de lecture estim\u00e9e\" \/>\n\t<meta name=\"twitter:data1\" content=\"5 minutes\" \/>\n<script type=\"application\/ld+json\" class=\"yoast-schema-graph\">{\"@context\":\"https:\\\/\\\/schema.org\",\"@graph\":[{\"@type\":\"WebPage\",\"@id\":\"https:\\\/\\\/flokardinal.org\\\/?page_id=394\",\"url\":\"https:\\\/\\\/flokardinal.org\\\/?page_id=394\",\"name\":\"L'association porteuse des projets - Les danses de la chamane\",\"isPartOf\":{\"@id\":\"http:\\\/\\\/flokardinal.org\\\/#website\"},\"datePublished\":\"2015-06-14T18:44:55+00:00\",\"dateModified\":\"2022-04-10T19:52:34+00:00\",\"breadcrumb\":{\"@id\":\"https:\\\/\\\/flokardinal.org\\\/?page_id=394#breadcrumb\"},\"inLanguage\":\"fr-FR\",\"potentialAction\":[{\"@type\":\"ReadAction\",\"target\":[\"https:\\\/\\\/flokardinal.org\\\/?page_id=394\"]}]},{\"@type\":\"BreadcrumbList\",\"@id\":\"https:\\\/\\\/flokardinal.org\\\/?page_id=394#breadcrumb\",\"itemListElement\":[{\"@type\":\"ListItem\",\"position\":1,\"name\":\"Accueil\",\"item\":\"http:\\\/\\\/flokardinal.org\\\/\"},{\"@type\":\"ListItem\",\"position\":2,\"name\":\"L&rsquo;association porteuse des projets\"}]},{\"@type\":\"WebSite\",\"@id\":\"http:\\\/\\\/flokardinal.org\\\/#website\",\"url\":\"http:\\\/\\\/flokardinal.org\\\/\",\"name\":\"Les danses de la chamane\",\"description\":\"Le corps cr\u00e9ateur gu\u00e9risseur salvateur\",\"potentialAction\":[{\"@type\":\"SearchAction\",\"target\":{\"@type\":\"EntryPoint\",\"urlTemplate\":\"http:\\\/\\\/flokardinal.org\\\/?s={search_term_string}\"},\"query-input\":{\"@type\":\"PropertyValueSpecification\",\"valueRequired\":true,\"valueName\":\"search_term_string\"}}],\"inLanguage\":\"fr-FR\"}]}<\/script>\n<!-- \/ Yoast SEO plugin. -->","yoast_head_json":{"title":"L'association porteuse des projets - Les danses de la chamane","robots":{"index":"index","follow":"follow","max-snippet":"max-snippet:-1","max-image-preview":"max-image-preview:large","max-video-preview":"max-video-preview:-1"},"canonical":"https:\/\/flokardinal.org\/?page_id=394","og_locale":"fr_FR","og_type":"article","og_title":"L'association porteuse des projets - Les danses de la chamane","og_description":"L\u2019 ASSOCIATION PORTEUSE DU PROJET&nbsp;: TIR GROUP\u00e9 Siret 394&nbsp;454&nbsp;789 00022&nbsp; &nbsp;APE 9002Z&nbsp; Licence N\u00b02 -1086993 contact tirgroupe@hotmail.fr&nbsp; Pr\u00e9sentation de l\u2019Association et de ses actions: TIR GROUP\u00e9 D\u00e9s l\u2019origine porteuse de projets vers l\u2019\u00e9mancipation des groupes minoritaires et du public , elle soutient des initiatives singuli\u00e8res et originales en partenariat avec des structures institutionnelles et\/ou associatives. &hellip; Continuer la lecture de L&rsquo;association porteuse des projets &rarr;","og_url":"https:\/\/flokardinal.org\/?page_id=394","og_site_name":"Les danses de la chamane","article_modified_time":"2022-04-10T19:52:34+00:00","twitter_card":"summary_large_image","twitter_site":"@kardinal93","twitter_misc":{"Dur\u00e9e de lecture estim\u00e9e":"5 minutes"},"schema":{"@context":"https:\/\/schema.org","@graph":[{"@type":"WebPage","@id":"https:\/\/flokardinal.org\/?page_id=394","url":"https:\/\/flokardinal.org\/?page_id=394","name":"L'association porteuse des projets - Les danses de la chamane","isPartOf":{"@id":"http:\/\/flokardinal.org\/#website"},"datePublished":"2015-06-14T18:44:55+00:00","dateModified":"2022-04-10T19:52:34+00:00","breadcrumb":{"@id":"https:\/\/flokardinal.org\/?page_id=394#breadcrumb"},"inLanguage":"fr-FR","potentialAction":[{"@type":"ReadAction","target":["https:\/\/flokardinal.org\/?page_id=394"]}]},{"@type":"BreadcrumbList","@id":"https:\/\/flokardinal.org\/?page_id=394#breadcrumb","itemListElement":[{"@type":"ListItem","position":1,"name":"Accueil","item":"http:\/\/flokardinal.org\/"},{"@type":"ListItem","position":2,"name":"L&rsquo;association porteuse des projets"}]},{"@type":"WebSite","@id":"http:\/\/flokardinal.org\/#website","url":"http:\/\/flokardinal.org\/","name":"Les danses de la chamane","description":"Le corps cr\u00e9ateur gu\u00e9risseur salvateur","potentialAction":[{"@type":"SearchAction","target":{"@type":"EntryPoint","urlTemplate":"http:\/\/flokardinal.org\/?s={search_term_string}"},"query-input":{"@type":"PropertyValueSpecification","valueRequired":true,"valueName":"search_term_string"}}],"inLanguage":"fr-FR"}]}},"_links":{"self":[{"href":"http:\/\/flokardinal.org\/index.php?rest_route=\/wp\/v2\/pages\/394","targetHints":{"allow":["GET"]}}],"collection":[{"href":"http:\/\/flokardinal.org\/index.php?rest_route=\/wp\/v2\/pages"}],"about":[{"href":"http:\/\/flokardinal.org\/index.php?rest_route=\/wp\/v2\/types\/page"}],"author":[{"embeddable":true,"href":"http:\/\/flokardinal.org\/index.php?rest_route=\/wp\/v2\/users\/1"}],"replies":[{"embeddable":true,"href":"http:\/\/flokardinal.org\/index.php?rest_route=%2Fwp%2Fv2%2Fcomments&post=394"}],"version-history":[{"count":8,"href":"http:\/\/flokardinal.org\/index.php?rest_route=\/wp\/v2\/pages\/394\/revisions"}],"predecessor-version":[{"id":8396,"href":"http:\/\/flokardinal.org\/index.php?rest_route=\/wp\/v2\/pages\/394\/revisions\/8396"}],"wp:attachment":[{"href":"http:\/\/flokardinal.org\/index.php?rest_route=%2Fwp%2Fv2%2Fmedia&parent=394"}],"curies":[{"name":"wp","href":"https:\/\/api.w.org\/{rel}","templated":true}]}}