{"id":3865,"date":"2019-01-03T13:55:10","date_gmt":"2019-01-03T12:55:10","guid":{"rendered":"http:\/\/flokardinal.org\/wordpress\/?page_id=3865"},"modified":"2024-10-31T17:23:56","modified_gmt":"2024-10-31T16:23:56","slug":"memoires-ancestrales","status":"publish","type":"page","link":"http:\/\/flokardinal.org\/?page_id=3865","title":{"rendered":"MEMOIRES ANCESTRALES"},"content":{"rendered":"\n<figure class=\"wp-block-image\"><img loading=\"lazy\" decoding=\"async\" width=\"1024\" height=\"768\" src=\"http:\/\/flokardinal.org\/wordpress\/wp-content\/uploads\/2019\/01\/20181226_155733-1024x768.jpg\" alt=\"\" class=\"wp-image-3869\" srcset=\"http:\/\/flokardinal.org\/wp-content\/uploads\/2019\/01\/20181226_155733-1024x768.jpg 1024w, http:\/\/flokardinal.org\/wp-content\/uploads\/2019\/01\/20181226_155733-300x225.jpg 300w, http:\/\/flokardinal.org\/wp-content\/uploads\/2019\/01\/20181226_155733-768x576.jpg 768w\" sizes=\"auto, (max-width: 1024px) 100vw, 1024px\" \/><\/figure>\n\n\n\n<p>Je marche dans le sable,j\u00e9coute le bruit de l&rsquo;\u00e9cume qui s&rsquo;\u00e9choue doucement sur le sable mouill\u00e9, je respire.<\/p>\n\n\n\n<p>Je suis n\u00e9e pr\u00e9s de cette c\u00f4te, je suis fille de la m\u00e9dit\u00e9rann\u00e9e et souvent j&rsquo;ai regard\u00e9 l&rsquo;horizon.D&rsquo;aussi loin que je me souvienne notre peuple vient de la mer, d&rsquo;aussi loin que je me souvienne nous sommes un peuple qui marche , dans  les terres chaudes vers les c\u00f4tes .Nous sommes  le 24 12 2018 et toujours ce sentiment ce ressenti de me ressourcer \u00e0 l&rsquo;oxyg\u00e9ne qui est le mien: l&rsquo;air iod\u00e9.<\/p>\n\n\n\n<figure class=\"wp-block-image\"><img loading=\"lazy\" decoding=\"async\" width=\"225\" height=\"300\" src=\"http:\/\/flokardinal.org\/wordpress\/wp-content\/uploads\/2019\/01\/20181225_151515-225x300.jpg\" alt=\"\" class=\"wp-image-3872\" srcset=\"http:\/\/flokardinal.org\/wp-content\/uploads\/2019\/01\/20181225_151515-225x300.jpg 225w, http:\/\/flokardinal.org\/wp-content\/uploads\/2019\/01\/20181225_151515-768x1024.jpg 768w\" sizes=\"auto, (max-width: 225px) 100vw, 225px\" \/><figcaption>Sculpture dans le sable 2018<br><\/figcaption><\/figure>\n\n\n\n<p>Je marche dans le sable et j&rsquo;entends le silence, l&rsquo;hiver excessivement doux me ram\u00e8ne au souvenir de l&rsquo;\u00e9t\u00e9 aride , au sable br\u00fblant &#8230;au souvenir d&rsquo;autres c\u00f4tes m\u00e9dit\u00e9rann\u00e9ennes , puis \u00e0 l&rsquo;int\u00e9rieur des Terres et toujours au sable chaud et \u00e9mouvant , je marche dans les dunes marocaines .<\/p>\n\n\n\n<p>J&rsquo;irai rejoindre les vastes \u00e9tendues des peuples qui marchent , d&rsquo;autres tribus qui traversent les terres: les Berb\u00e8res .Peuples nomades ils v\u00e9hiculent leurs savoirs faires ancestraux , intouch\u00e9s ,gu\u00e9risseurs , \u00e0 l&rsquo;aube d&rsquo;une humanit\u00e9 en marche , ils sont fils et filles du sable , dans cette immensit\u00e9 aride, ils trouvent la force de vivre et de s&rsquo;adapter. Au caract\u00e8re fort, aux rythmes puissants, aux danses de transe , les peuples des terres chaudes vous accueillent et vous ouvrent aux rituels ancestraux et aux m\u00e9moires des peuples de l&rsquo;eau et du sable.<\/p>\n\n\n\n<figure class=\"wp-block-image\"><img loading=\"lazy\" decoding=\"async\" width=\"169\" height=\"300\" src=\"http:\/\/flokardinal.org\/wordpress\/wp-content\/uploads\/2018\/11\/IMG-20181113-WA0002-169x300.jpg\" alt=\"\" class=\"wp-image-3701\" srcset=\"http:\/\/flokardinal.org\/wp-content\/uploads\/2018\/11\/IMG-20181113-WA0002-169x300.jpg 169w, http:\/\/flokardinal.org\/wp-content\/uploads\/2018\/11\/IMG-20181113-WA0002-768x1365.jpg 768w, http:\/\/flokardinal.org\/wp-content\/uploads\/2018\/11\/IMG-20181113-WA0002-576x1024.jpg 576w, http:\/\/flokardinal.org\/wp-content\/uploads\/2018\/11\/IMG-20181113-WA0002.jpg 900w\" sizes=\"auto, (max-width: 169px) 100vw, 169px\" \/><figcaption>Suivrr la trace des Berberes <\/figcaption><\/figure>\n\n\n\n<p>Le d\u00e9sert du Sud marocain porte encore la m\u00e9moire de l&rsquo;eau sous les dunes de sable dor\u00e9, des tamaris et des dattiers poussent , nous traverserons la Vall\u00e9e et l&rsquo;Oasis de Dr\u00e2a , qui a r\u00e9uni mille contes des merveilles,nous longerons la route du Mont Atlas,nous irons voir l&rsquo;artiste potier de Tamgroute et son art ancestral et nous nous enfoncerons au coeur du d\u00e9sert pour rejoindre le Bivouac NOUR en compagnie de Lahcen de la tribu des Aarib , maitre de ce lieu qu&rsquo;il a enti\u00e8rement construit aux portes du d\u00e9sert.<\/p>\n\n\n\n<p>Embarquez pour rencontrer un travail puissant , dans le silence du d\u00e9sert, aux rythmes extatiques des transes , au coeur du chamanisme des Berb\u00e8res Gnaoua , acceptez de vous d\u00e9tacher des liens qui vous enserrent et activez la connexion cosmique aux m\u00e9moires ancestrales des voyageurs et devins: LA QUETE COSMIQUE @ 2021 est une \u00e9pop\u00e9e dans nos cieux imaginaires , au coeur de la voie lact\u00e9e vers laquelle tant de berb\u00e8res se tournent pour se diriger &#8230;..Je vous propose de rencontrer votre \u00e9toile et de suivre sa direction \/<em>Septembre 2019 Flo Kardinal<\/em><\/p>\n\n\n\n<figure class=\"wp-block-image is-resized\"><img loading=\"lazy\" decoding=\"async\" src=\"http:\/\/flokardinal.org\/wordpress\/wp-content\/uploads\/2018\/11\/Flyer-Maroc-verso-copie-734x1024.jpg\" alt=\"\" class=\"wp-image-3660\" width=\"367\" height=\"512\" srcset=\"http:\/\/flokardinal.org\/wp-content\/uploads\/2018\/11\/Flyer-Maroc-verso-copie-734x1024.jpg 734w, http:\/\/flokardinal.org\/wp-content\/uploads\/2018\/11\/Flyer-Maroc-verso-copie-215x300.jpg 215w, http:\/\/flokardinal.org\/wp-content\/uploads\/2018\/11\/Flyer-Maroc-verso-copie-768x1071.jpg 768w, http:\/\/flokardinal.org\/wp-content\/uploads\/2018\/11\/Flyer-Maroc-verso-copie.jpg 1287w\" sizes=\"auto, (max-width: 367px) 100vw, 367px\" \/><figcaption>Le Lien Chamanique 2019<\/figcaption><\/figure>\n\n\n\n<p>LA QUETE COSMIQUE@ Cie tir Group\u00e9\/2019 est l&rsquo;oeuvre de son auteure Flo Kardinal \/Tous droits r\u00e9serv\u00e9s \/<\/p>\n","protected":false},"excerpt":{"rendered":"<p>Je marche dans le sable,j\u00e9coute le bruit de l&rsquo;\u00e9cume qui s&rsquo;\u00e9choue doucement sur le sable mouill\u00e9, je respire. Je suis n\u00e9e pr\u00e9s de cette c\u00f4te, je suis fille de la m\u00e9dit\u00e9rann\u00e9e et souvent j&rsquo;ai regard\u00e9 l&rsquo;horizon.D&rsquo;aussi loin que je me souvienne notre peuple vient de la mer, d&rsquo;aussi loin que je me souvienne nous sommes &hellip; <a href=\"http:\/\/flokardinal.org\/?page_id=3865\" class=\"more-link\">Continuer la lecture de <span class=\"screen-reader-text\">MEMOIRES ANCESTRALES<\/span>  <span class=\"meta-nav\">&rarr;<\/span><\/a><\/p>\n","protected":false},"author":1,"featured_media":3867,"parent":9812,"menu_order":1,"comment_status":"closed","ping_status":"closed","template":"","meta":{"footnotes":""},"class_list":["post-3865","page","type-page","status-publish","has-post-thumbnail","hentry"],"yoast_head":"<!-- This site is optimized with the Yoast SEO plugin v27.4 - https:\/\/yoast.com\/product\/yoast-seo-wordpress\/ -->\n<title>MEMOIRES ANCESTRALES - Les danses de la chamane<\/title>\n<meta name=\"robots\" content=\"index, follow, max-snippet:-1, max-image-preview:large, max-video-preview:-1\" \/>\n<link rel=\"canonical\" href=\"https:\/\/flokardinal.org\/?page_id=3865\" \/>\n<meta property=\"og:locale\" content=\"fr_FR\" \/>\n<meta property=\"og:type\" content=\"article\" \/>\n<meta property=\"og:title\" content=\"MEMOIRES ANCESTRALES - Les danses de la chamane\" \/>\n<meta property=\"og:description\" content=\"Je marche dans le sable,j\u00e9coute le bruit de l&rsquo;\u00e9cume qui s&rsquo;\u00e9choue doucement sur le sable mouill\u00e9, je respire. Je suis n\u00e9e pr\u00e9s de cette c\u00f4te, je suis fille de la m\u00e9dit\u00e9rann\u00e9e et souvent j&rsquo;ai regard\u00e9 l&rsquo;horizon.D&rsquo;aussi loin que je me souvienne notre peuple vient de la mer, d&rsquo;aussi loin que je me souvienne nous sommes &hellip; Continuer la lecture de MEMOIRES ANCESTRALES &rarr;\" \/>\n<meta property=\"og:url\" content=\"https:\/\/flokardinal.org\/?page_id=3865\" \/>\n<meta property=\"og:site_name\" content=\"Les danses de la chamane\" \/>\n<meta property=\"article:modified_time\" content=\"2024-10-31T16:23:56+00:00\" \/>\n<meta property=\"og:image\" content=\"https:\/\/flokardinal.org\/wp-content\/uploads\/2019\/01\/20181225_165624-768x1024.jpg\" \/>\n\t<meta property=\"og:image:width\" content=\"768\" \/>\n\t<meta property=\"og:image:height\" content=\"1024\" \/>\n\t<meta property=\"og:image:type\" content=\"image\/jpeg\" \/>\n<meta name=\"twitter:card\" content=\"summary_large_image\" \/>\n<meta name=\"twitter:site\" content=\"@kardinal93\" \/>\n<meta name=\"twitter:label1\" content=\"Dur\u00e9e de lecture estim\u00e9e\" \/>\n\t<meta name=\"twitter:data1\" content=\"4 minutes\" \/>\n<script type=\"application\/ld+json\" class=\"yoast-schema-graph\">{\"@context\":\"https:\\\/\\\/schema.org\",\"@graph\":[{\"@type\":\"WebPage\",\"@id\":\"https:\\\/\\\/flokardinal.org\\\/?page_id=3865\",\"url\":\"https:\\\/\\\/flokardinal.org\\\/?page_id=3865\",\"name\":\"MEMOIRES ANCESTRALES - Les danses de la chamane\",\"isPartOf\":{\"@id\":\"http:\\\/\\\/flokardinal.org\\\/#website\"},\"primaryImageOfPage\":{\"@id\":\"https:\\\/\\\/flokardinal.org\\\/?page_id=3865#primaryimage\"},\"image\":{\"@id\":\"https:\\\/\\\/flokardinal.org\\\/?page_id=3865#primaryimage\"},\"thumbnailUrl\":\"http:\\\/\\\/flokardinal.org\\\/wp-content\\\/uploads\\\/2019\\\/01\\\/20181225_165624.jpg\",\"datePublished\":\"2019-01-03T12:55:10+00:00\",\"dateModified\":\"2024-10-31T16:23:56+00:00\",\"breadcrumb\":{\"@id\":\"https:\\\/\\\/flokardinal.org\\\/?page_id=3865#breadcrumb\"},\"inLanguage\":\"fr-FR\",\"potentialAction\":[{\"@type\":\"ReadAction\",\"target\":[\"https:\\\/\\\/flokardinal.org\\\/?page_id=3865\"]}]},{\"@type\":\"ImageObject\",\"inLanguage\":\"fr-FR\",\"@id\":\"https:\\\/\\\/flokardinal.org\\\/?page_id=3865#primaryimage\",\"url\":\"http:\\\/\\\/flokardinal.org\\\/wp-content\\\/uploads\\\/2019\\\/01\\\/20181225_165624.jpg\",\"contentUrl\":\"http:\\\/\\\/flokardinal.org\\\/wp-content\\\/uploads\\\/2019\\\/01\\\/20181225_165624.jpg\",\"width\":3456,\"height\":4608},{\"@type\":\"BreadcrumbList\",\"@id\":\"https:\\\/\\\/flokardinal.org\\\/?page_id=3865#breadcrumb\",\"itemListElement\":[{\"@type\":\"ListItem\",\"position\":1,\"name\":\"Accueil\",\"item\":\"http:\\\/\\\/flokardinal.org\\\/\"},{\"@type\":\"ListItem\",\"position\":2,\"name\":\"Les Grandes Travers\u00e9es\",\"item\":\"http:\\\/\\\/flokardinal.org\\\/?page_id=8032\"},{\"@type\":\"ListItem\",\"position\":3,\"name\":\"SABLE EMOUVANT\",\"item\":\"https:\\\/\\\/flokardinal.org\\\/?page_id=9812\"},{\"@type\":\"ListItem\",\"position\":4,\"name\":\"MEMOIRES ANCESTRALES\"}]},{\"@type\":\"WebSite\",\"@id\":\"http:\\\/\\\/flokardinal.org\\\/#website\",\"url\":\"http:\\\/\\\/flokardinal.org\\\/\",\"name\":\"Les danses de la chamane\",\"description\":\"Le corps cr\u00e9ateur gu\u00e9risseur salvateur\",\"potentialAction\":[{\"@type\":\"SearchAction\",\"target\":{\"@type\":\"EntryPoint\",\"urlTemplate\":\"http:\\\/\\\/flokardinal.org\\\/?s={search_term_string}\"},\"query-input\":{\"@type\":\"PropertyValueSpecification\",\"valueRequired\":true,\"valueName\":\"search_term_string\"}}],\"inLanguage\":\"fr-FR\"}]}<\/script>\n<!-- \/ Yoast SEO plugin. -->","yoast_head_json":{"title":"MEMOIRES ANCESTRALES - Les danses de la chamane","robots":{"index":"index","follow":"follow","max-snippet":"max-snippet:-1","max-image-preview":"max-image-preview:large","max-video-preview":"max-video-preview:-1"},"canonical":"https:\/\/flokardinal.org\/?page_id=3865","og_locale":"fr_FR","og_type":"article","og_title":"MEMOIRES ANCESTRALES - Les danses de la chamane","og_description":"Je marche dans le sable,j\u00e9coute le bruit de l&rsquo;\u00e9cume qui s&rsquo;\u00e9choue doucement sur le sable mouill\u00e9, je respire. Je suis n\u00e9e pr\u00e9s de cette c\u00f4te, je suis fille de la m\u00e9dit\u00e9rann\u00e9e et souvent j&rsquo;ai regard\u00e9 l&rsquo;horizon.D&rsquo;aussi loin que je me souvienne notre peuple vient de la mer, d&rsquo;aussi loin que je me souvienne nous sommes &hellip; Continuer la lecture de MEMOIRES ANCESTRALES &rarr;","og_url":"https:\/\/flokardinal.org\/?page_id=3865","og_site_name":"Les danses de la chamane","article_modified_time":"2024-10-31T16:23:56+00:00","og_image":[{"width":768,"height":1024,"url":"https:\/\/flokardinal.org\/wp-content\/uploads\/2019\/01\/20181225_165624-768x1024.jpg","type":"image\/jpeg"}],"twitter_card":"summary_large_image","twitter_site":"@kardinal93","twitter_misc":{"Dur\u00e9e de lecture estim\u00e9e":"4 minutes"},"schema":{"@context":"https:\/\/schema.org","@graph":[{"@type":"WebPage","@id":"https:\/\/flokardinal.org\/?page_id=3865","url":"https:\/\/flokardinal.org\/?page_id=3865","name":"MEMOIRES ANCESTRALES - Les danses de la chamane","isPartOf":{"@id":"http:\/\/flokardinal.org\/#website"},"primaryImageOfPage":{"@id":"https:\/\/flokardinal.org\/?page_id=3865#primaryimage"},"image":{"@id":"https:\/\/flokardinal.org\/?page_id=3865#primaryimage"},"thumbnailUrl":"http:\/\/flokardinal.org\/wp-content\/uploads\/2019\/01\/20181225_165624.jpg","datePublished":"2019-01-03T12:55:10+00:00","dateModified":"2024-10-31T16:23:56+00:00","breadcrumb":{"@id":"https:\/\/flokardinal.org\/?page_id=3865#breadcrumb"},"inLanguage":"fr-FR","potentialAction":[{"@type":"ReadAction","target":["https:\/\/flokardinal.org\/?page_id=3865"]}]},{"@type":"ImageObject","inLanguage":"fr-FR","@id":"https:\/\/flokardinal.org\/?page_id=3865#primaryimage","url":"http:\/\/flokardinal.org\/wp-content\/uploads\/2019\/01\/20181225_165624.jpg","contentUrl":"http:\/\/flokardinal.org\/wp-content\/uploads\/2019\/01\/20181225_165624.jpg","width":3456,"height":4608},{"@type":"BreadcrumbList","@id":"https:\/\/flokardinal.org\/?page_id=3865#breadcrumb","itemListElement":[{"@type":"ListItem","position":1,"name":"Accueil","item":"http:\/\/flokardinal.org\/"},{"@type":"ListItem","position":2,"name":"Les Grandes Travers\u00e9es","item":"http:\/\/flokardinal.org\/?page_id=8032"},{"@type":"ListItem","position":3,"name":"SABLE EMOUVANT","item":"https:\/\/flokardinal.org\/?page_id=9812"},{"@type":"ListItem","position":4,"name":"MEMOIRES ANCESTRALES"}]},{"@type":"WebSite","@id":"http:\/\/flokardinal.org\/#website","url":"http:\/\/flokardinal.org\/","name":"Les danses de la chamane","description":"Le corps cr\u00e9ateur gu\u00e9risseur salvateur","potentialAction":[{"@type":"SearchAction","target":{"@type":"EntryPoint","urlTemplate":"http:\/\/flokardinal.org\/?s={search_term_string}"},"query-input":{"@type":"PropertyValueSpecification","valueRequired":true,"valueName":"search_term_string"}}],"inLanguage":"fr-FR"}]}},"_links":{"self":[{"href":"http:\/\/flokardinal.org\/index.php?rest_route=\/wp\/v2\/pages\/3865","targetHints":{"allow":["GET"]}}],"collection":[{"href":"http:\/\/flokardinal.org\/index.php?rest_route=\/wp\/v2\/pages"}],"about":[{"href":"http:\/\/flokardinal.org\/index.php?rest_route=\/wp\/v2\/types\/page"}],"author":[{"embeddable":true,"href":"http:\/\/flokardinal.org\/index.php?rest_route=\/wp\/v2\/users\/1"}],"replies":[{"embeddable":true,"href":"http:\/\/flokardinal.org\/index.php?rest_route=%2Fwp%2Fv2%2Fcomments&post=3865"}],"version-history":[{"count":12,"href":"http:\/\/flokardinal.org\/index.php?rest_route=\/wp\/v2\/pages\/3865\/revisions"}],"predecessor-version":[{"id":7308,"href":"http:\/\/flokardinal.org\/index.php?rest_route=\/wp\/v2\/pages\/3865\/revisions\/7308"}],"up":[{"embeddable":true,"href":"http:\/\/flokardinal.org\/index.php?rest_route=\/wp\/v2\/pages\/9812"}],"wp:featuredmedia":[{"embeddable":true,"href":"http:\/\/flokardinal.org\/index.php?rest_route=\/wp\/v2\/media\/3867"}],"wp:attachment":[{"href":"http:\/\/flokardinal.org\/index.php?rest_route=%2Fwp%2Fv2%2Fmedia&parent=3865"}],"curies":[{"name":"wp","href":"https:\/\/api.w.org\/{rel}","templated":true}]}}