{"id":2879,"date":"2018-02-19T09:12:51","date_gmt":"2018-02-19T08:12:51","guid":{"rendered":"http:\/\/flokardinal.org\/wordpress\/?page_id=2879"},"modified":"2022-04-10T21:14:34","modified_gmt":"2022-04-10T20:14:34","slug":"temoignages","status":"publish","type":"page","link":"http:\/\/flokardinal.org\/?page_id=2879","title":{"rendered":"T\u00e9moignages autour du travail de Flo Kardinal"},"content":{"rendered":"<p>]<a href=\"http:\/\/flokardinal.org\/wordpress\/wp-content\/uploads\/2018\/02\/Enfant_ronde-02.png\"><img loading=\"lazy\" decoding=\"async\" class=\"size-medium wp-image-2881\" src=\"http:\/\/flokardinal.org\/wordpress\/wp-content\/uploads\/2018\/02\/Enfant_ronde-02-300x300.png\" alt=\"\" width=\"300\" height=\"300\" srcset=\"http:\/\/flokardinal.org\/wp-content\/uploads\/2018\/02\/Enfant_ronde-02-300x300.png 300w, http:\/\/flokardinal.org\/wp-content\/uploads\/2018\/02\/Enfant_ronde-02-150x150.png 150w, http:\/\/flokardinal.org\/wp-content\/uploads\/2018\/02\/Enfant_ronde-02.png 312w\" sizes=\"auto, (max-width: 300px) 100vw, 300px\" \/><\/a> t\u00e9moignages<\/p>\n<p><strong>T\u00e9moignages<\/strong> :<\/p>\n<p><strong>1er t\u00e9moignage<\/strong>:<\/p>\n<p><em>\u00ab\u00a0Gr\u00e2ce aux ateliers de Flo, j&rsquo;ai pris conscience \u00e0 quel point la voix et le cri sont devenus tabous dans notre soci\u00e9t\u00e9. Depuis quelques jours, je ressentais une douleur vive au niveau de la poitrine, une douleur ancienne et que je n&rsquo;arrivais pas \u00e0 \u00ab\u00a0faire partir\u00a0\u00bb. C&rsquo;est en courant que j&rsquo;ai senti monter de mon ventre, jusqu&rsquo;au plexus, un cri immense qui ne demandait qu&rsquo;\u00e0 sortir. Au d\u00e9but je n&rsquo;ai pas os\u00e9, de&nbsp;peur que l&rsquo;on me prenne pour une folle, j&rsquo;ouvrais la bouche, mais rien ne sortait, puis un son aigu \u00e9trangl\u00e9, et petit \u00e0 petit j&rsquo;ai os\u00e9 lui donner plus d&rsquo;ampleur jusqu&rsquo;\u00e0 ce que je sente la force de ce cri et la lib\u00e9ration de l&rsquo;\u00e9nergie comme une fl\u00e8che. J&rsquo;ai cri\u00e9 plusieurs fois, sentant tout mon corps s&rsquo;ouvrir et se d\u00e9tendre. Et la douleur, sans que je m&rsquo;y attende, s&rsquo;est envol\u00e9e.&nbsp;<\/em><em>Alors un immense merci Flo de m&rsquo;avoir permis de renouer avec cet espace de libert\u00e9 et cet outil&nbsp;de gu\u00e9rison archa\u00efque et primordial. Avant de commencer mon cheminement avec toi, j&rsquo;avais souvent envie de crier mais je n&rsquo;y arrivais pas ou je n&rsquo;osais pas de peur d&rsquo;\u00eatre jug\u00e9e ou d\u00e9pass\u00e9e. J&rsquo;ai compris aujourd&rsquo;hui que le cri n&#8217;emporte pas tout sur son passage. Qu&rsquo;il est la saine lib\u00e9ration d&rsquo;une \u00e9motion bloqu\u00e9e qu&rsquo;il contribue \u00e0 dissoudre, nous aidant ainsi \u00e0 retrouver notre force et notre \u00e9quilibre!\u00a0\u00bb&nbsp;\u00a9 <\/em>J.D<\/p>\n<p><strong>2eme t\u00e9moignage<\/strong> :<\/p>\n<p><em>Ce matin, je suis une page blanche&#8230;<\/em><\/p>\n<p><em>Une page blanche.<\/em><\/p>\n<p><em>&amp; face \u00e0 cette page, l&rsquo;angoisse monte, la peur du vide, l&rsquo;envie de remplir avec tout et n&rsquo;importe-quoi. Ce serait si facile, rassurant, r\u00e9confortant. Faire un plan, petit a, petit b&#8230; Remplir les cases. Remplir. Remplir.<\/em><\/p>\n<p><em>Mais&#8230; NON.<\/em><\/p>\n<p><em>NON, je n&rsquo;en ferai rien.<\/em><\/p>\n<p><em>Je vais prendre le temps de la d\u00e9guster cette page blanche.<\/em><\/p>\n<p><em>Je vais prendre le temps de d\u00e9cider, en conscience, d&rsquo;y apposer tel ou tel trait, telle ou telle figure, telle ou telle couleur.<\/em><\/p>\n<p><em>Je vais prendre le temps de d\u00e9cider, en conscience, de quelle trame sera faite mon histoire.<\/em><\/p>\n<p><em>Je vais prendre le temps, en conscience, de d\u00e9cider, pas \u00e0 pas, tranquillement, sans me presser&#8230;<\/em><\/p>\n<p><em>Je vais prendre le temps de m&rsquo;\u00e9couter, de rester en accord avec mon C\u0153ur pour pouvoir d\u00e9cider, en conscience, quelle posture j&rsquo;adopterai \u00e0 chaque proposition que m&rsquo;offrira l&rsquo;Univers.<\/em><\/p>\n<p><em>Ouvrir les espaces. Pour laisser de nouveau appara\u00eetre l&rsquo;essentiel.<\/em><\/p>\n<p><em>Cr\u00e9er du vide. Pour Cr\u00e9er. Pour \u00catre<\/em><\/p>\n<p><em>Dans le blanc, tout est possible.<\/em>..<em>\u00a9 Elodie Perraud<\/em><\/p>\n<p><strong>3eme t\u00e9moignage<\/strong>:<\/p>\n<div>\n<p>\u00ab\u00a0<em>J&rsquo;ai la chance de conna\u00eetre une amie danseuse qui a travers\u00e9 gr\u00e2ce \u00e0 son corps des montagnes de compr\u00e9hension&nbsp;<\/em><br \/>\n<em>Elle est devenue chamane et capable de nous aider \u00e0 transmuter nos \u00e9motions<\/em><br \/>\n<em>Certes, il faut arriver \u00e0 se l\u00e2cher, \u00e0 vivre l&rsquo;\u00e9motion \u00e0 travers la danse, la transe, sous son regard bienveillant&nbsp;<\/em><br \/>\n<em>On se permet de transformer et c&rsquo;est bien d&rsquo;\u00e9volution dont je vous parle&nbsp;<\/em><br \/>\n<em>Apres chaque stage ou atelier je suis diff\u00e9rente&nbsp;<\/em><br \/>\n<em>en profondeur<\/em><br \/>\n<em>Je suis ses stages depuis 6-7 ans&nbsp;<\/em><br \/>\n<em>Elle nous a permis de trouver nos liens avec des animaux et les faire vivre dans notre corps gr\u00e2ce au l\u00e2cher prise dans la danse<\/em><br \/>\n<em>Un cran au dessus, on performe des l\u00e9gendes ( celtes, tolteques, inuits, mongoles, indiennes&#8230;)et nos liens avec des parts enfouies de nous&nbsp;<\/em><br \/>\n<em>Nous sommes UN<\/em><br \/>\n<em>Facile de le dire&nbsp;<\/em><br \/>\n<em>Facile \u00e0 comprendre<\/em><br \/>\n<em>Mais genial \u00e0 vivre<\/em><br \/>\n<em>Gr\u00e2ce \u00e0 la voix qui sort de notre int\u00e9rieur nous nous connectons encore plus profond\u00e9ment et nous ressortons diff\u00e9rents&nbsp;<\/em><br \/>\n<em>Plus humain avec un grand H&nbsp;<\/em><br \/>\n<em>Je ne saurais que vous conseiller les ateliers de flo \u00ab\u00a0<\/em><\/p>\n<\/div>\n<div><em> par&nbsp;&nbsp;<\/em>Claudie Coudereau Paris<\/div>\n<div><\/div>\n","protected":false},"excerpt":{"rendered":"<p>] t\u00e9moignages T\u00e9moignages : 1er t\u00e9moignage: \u00ab\u00a0Gr\u00e2ce aux ateliers de Flo, j&rsquo;ai pris conscience \u00e0 quel point la voix et le cri sont devenus tabous dans notre soci\u00e9t\u00e9. Depuis quelques jours, je ressentais une douleur vive au niveau de la poitrine, une douleur ancienne et que je n&rsquo;arrivais pas \u00e0 \u00ab\u00a0faire partir\u00a0\u00bb. C&rsquo;est en courant &hellip; <a href=\"http:\/\/flokardinal.org\/?page_id=2879\" class=\"more-link\">Continuer la lecture de <span class=\"screen-reader-text\">T\u00e9moignages autour du travail de Flo Kardinal<\/span>  <span class=\"meta-nav\">&rarr;<\/span><\/a><\/p>\n","protected":false},"author":1,"featured_media":7113,"parent":0,"menu_order":5,"comment_status":"closed","ping_status":"closed","template":"","meta":{"footnotes":""},"class_list":["post-2879","page","type-page","status-publish","has-post-thumbnail","hentry"],"yoast_head":"<!-- This site is optimized with the Yoast SEO plugin v27.5 - https:\/\/yoast.com\/product\/yoast-seo-wordpress\/ -->\n<title>T\u00e9moignages autour du travail de Flo Kardinal - Les danses de la chamane<\/title>\n<meta name=\"robots\" content=\"index, follow, max-snippet:-1, max-image-preview:large, max-video-preview:-1\" \/>\n<link rel=\"canonical\" href=\"http:\/\/flokardinal.org\/?page_id=2879\" \/>\n<meta property=\"og:locale\" content=\"fr_FR\" \/>\n<meta property=\"og:type\" content=\"article\" \/>\n<meta property=\"og:title\" content=\"T\u00e9moignages autour du travail de Flo Kardinal - Les danses de la chamane\" \/>\n<meta property=\"og:description\" content=\"] t\u00e9moignages T\u00e9moignages : 1er t\u00e9moignage: \u00ab\u00a0Gr\u00e2ce aux ateliers de Flo, j&rsquo;ai pris conscience \u00e0 quel point la voix et le cri sont devenus tabous dans notre soci\u00e9t\u00e9. Depuis quelques jours, je ressentais une douleur vive au niveau de la poitrine, une douleur ancienne et que je n&rsquo;arrivais pas \u00e0 \u00ab\u00a0faire partir\u00a0\u00bb. C&rsquo;est en courant &hellip; Continuer la lecture de T\u00e9moignages autour du travail de Flo Kardinal &rarr;\" \/>\n<meta property=\"og:url\" content=\"http:\/\/flokardinal.org\/?page_id=2879\" \/>\n<meta property=\"og:site_name\" content=\"Les danses de la chamane\" \/>\n<meta property=\"article:modified_time\" content=\"2022-04-10T20:14:34+00:00\" \/>\n<meta property=\"og:image\" content=\"http:\/\/flokardinal.org\/wp-content\/uploads\/2020\/08\/amis-se-tenant-les-mains-1.jpg\" \/>\n\t<meta property=\"og:image:width\" content=\"617\" \/>\n\t<meta property=\"og:image:height\" content=\"350\" \/>\n\t<meta property=\"og:image:type\" content=\"image\/jpeg\" \/>\n<meta name=\"twitter:card\" content=\"summary_large_image\" \/>\n<meta name=\"twitter:site\" content=\"@kardinal93\" \/>\n<meta name=\"twitter:label1\" content=\"Dur\u00e9e de lecture estim\u00e9e\" \/>\n\t<meta name=\"twitter:data1\" content=\"3 minutes\" \/>\n<script type=\"application\/ld+json\" class=\"yoast-schema-graph\">{\"@context\":\"https:\\\/\\\/schema.org\",\"@graph\":[{\"@type\":\"WebPage\",\"@id\":\"http:\\\/\\\/flokardinal.org\\\/?page_id=2879\",\"url\":\"http:\\\/\\\/flokardinal.org\\\/?page_id=2879\",\"name\":\"T\u00e9moignages autour du travail de Flo Kardinal - Les danses de la chamane\",\"isPartOf\":{\"@id\":\"https:\\\/\\\/flokardinal.org\\\/#website\"},\"primaryImageOfPage\":{\"@id\":\"http:\\\/\\\/flokardinal.org\\\/?page_id=2879#primaryimage\"},\"image\":{\"@id\":\"http:\\\/\\\/flokardinal.org\\\/?page_id=2879#primaryimage\"},\"thumbnailUrl\":\"http:\\\/\\\/flokardinal.org\\\/wp-content\\\/uploads\\\/2020\\\/08\\\/amis-se-tenant-les-mains-1.jpg\",\"datePublished\":\"2018-02-19T08:12:51+00:00\",\"dateModified\":\"2022-04-10T20:14:34+00:00\",\"breadcrumb\":{\"@id\":\"http:\\\/\\\/flokardinal.org\\\/?page_id=2879#breadcrumb\"},\"inLanguage\":\"fr-FR\",\"potentialAction\":[{\"@type\":\"ReadAction\",\"target\":[\"http:\\\/\\\/flokardinal.org\\\/?page_id=2879\"]}]},{\"@type\":\"ImageObject\",\"inLanguage\":\"fr-FR\",\"@id\":\"http:\\\/\\\/flokardinal.org\\\/?page_id=2879#primaryimage\",\"url\":\"http:\\\/\\\/flokardinal.org\\\/wp-content\\\/uploads\\\/2020\\\/08\\\/amis-se-tenant-les-mains-1.jpg\",\"contentUrl\":\"http:\\\/\\\/flokardinal.org\\\/wp-content\\\/uploads\\\/2020\\\/08\\\/amis-se-tenant-les-mains-1.jpg\",\"width\":617,\"height\":350},{\"@type\":\"BreadcrumbList\",\"@id\":\"http:\\\/\\\/flokardinal.org\\\/?page_id=2879#breadcrumb\",\"itemListElement\":[{\"@type\":\"ListItem\",\"position\":1,\"name\":\"Accueil\",\"item\":\"https:\\\/\\\/flokardinal.org\\\/\"},{\"@type\":\"ListItem\",\"position\":2,\"name\":\"T\u00e9moignages autour du travail de Flo Kardinal\"}]},{\"@type\":\"WebSite\",\"@id\":\"https:\\\/\\\/flokardinal.org\\\/#website\",\"url\":\"https:\\\/\\\/flokardinal.org\\\/\",\"name\":\"Les danses de la chamane\",\"description\":\"Le corps cr\u00e9ateur gu\u00e9risseur salvateur\",\"potentialAction\":[{\"@type\":\"SearchAction\",\"target\":{\"@type\":\"EntryPoint\",\"urlTemplate\":\"https:\\\/\\\/flokardinal.org\\\/?s={search_term_string}\"},\"query-input\":{\"@type\":\"PropertyValueSpecification\",\"valueRequired\":true,\"valueName\":\"search_term_string\"}}],\"inLanguage\":\"fr-FR\"}]}<\/script>\n<!-- \/ Yoast SEO plugin. -->","yoast_head_json":{"title":"T\u00e9moignages autour du travail de Flo Kardinal - Les danses de la chamane","robots":{"index":"index","follow":"follow","max-snippet":"max-snippet:-1","max-image-preview":"max-image-preview:large","max-video-preview":"max-video-preview:-1"},"canonical":"http:\/\/flokardinal.org\/?page_id=2879","og_locale":"fr_FR","og_type":"article","og_title":"T\u00e9moignages autour du travail de Flo Kardinal - Les danses de la chamane","og_description":"] t\u00e9moignages T\u00e9moignages : 1er t\u00e9moignage: \u00ab\u00a0Gr\u00e2ce aux ateliers de Flo, j&rsquo;ai pris conscience \u00e0 quel point la voix et le cri sont devenus tabous dans notre soci\u00e9t\u00e9. Depuis quelques jours, je ressentais une douleur vive au niveau de la poitrine, une douleur ancienne et que je n&rsquo;arrivais pas \u00e0 \u00ab\u00a0faire partir\u00a0\u00bb. C&rsquo;est en courant &hellip; Continuer la lecture de T\u00e9moignages autour du travail de Flo Kardinal &rarr;","og_url":"http:\/\/flokardinal.org\/?page_id=2879","og_site_name":"Les danses de la chamane","article_modified_time":"2022-04-10T20:14:34+00:00","og_image":[{"width":617,"height":350,"url":"http:\/\/flokardinal.org\/wp-content\/uploads\/2020\/08\/amis-se-tenant-les-mains-1.jpg","type":"image\/jpeg"}],"twitter_card":"summary_large_image","twitter_site":"@kardinal93","twitter_misc":{"Dur\u00e9e de lecture estim\u00e9e":"3 minutes"},"schema":{"@context":"https:\/\/schema.org","@graph":[{"@type":"WebPage","@id":"http:\/\/flokardinal.org\/?page_id=2879","url":"http:\/\/flokardinal.org\/?page_id=2879","name":"T\u00e9moignages autour du travail de Flo Kardinal - Les danses de la chamane","isPartOf":{"@id":"https:\/\/flokardinal.org\/#website"},"primaryImageOfPage":{"@id":"http:\/\/flokardinal.org\/?page_id=2879#primaryimage"},"image":{"@id":"http:\/\/flokardinal.org\/?page_id=2879#primaryimage"},"thumbnailUrl":"http:\/\/flokardinal.org\/wp-content\/uploads\/2020\/08\/amis-se-tenant-les-mains-1.jpg","datePublished":"2018-02-19T08:12:51+00:00","dateModified":"2022-04-10T20:14:34+00:00","breadcrumb":{"@id":"http:\/\/flokardinal.org\/?page_id=2879#breadcrumb"},"inLanguage":"fr-FR","potentialAction":[{"@type":"ReadAction","target":["http:\/\/flokardinal.org\/?page_id=2879"]}]},{"@type":"ImageObject","inLanguage":"fr-FR","@id":"http:\/\/flokardinal.org\/?page_id=2879#primaryimage","url":"http:\/\/flokardinal.org\/wp-content\/uploads\/2020\/08\/amis-se-tenant-les-mains-1.jpg","contentUrl":"http:\/\/flokardinal.org\/wp-content\/uploads\/2020\/08\/amis-se-tenant-les-mains-1.jpg","width":617,"height":350},{"@type":"BreadcrumbList","@id":"http:\/\/flokardinal.org\/?page_id=2879#breadcrumb","itemListElement":[{"@type":"ListItem","position":1,"name":"Accueil","item":"https:\/\/flokardinal.org\/"},{"@type":"ListItem","position":2,"name":"T\u00e9moignages autour du travail de Flo Kardinal"}]},{"@type":"WebSite","@id":"https:\/\/flokardinal.org\/#website","url":"https:\/\/flokardinal.org\/","name":"Les danses de la chamane","description":"Le corps cr\u00e9ateur gu\u00e9risseur salvateur","potentialAction":[{"@type":"SearchAction","target":{"@type":"EntryPoint","urlTemplate":"https:\/\/flokardinal.org\/?s={search_term_string}"},"query-input":{"@type":"PropertyValueSpecification","valueRequired":true,"valueName":"search_term_string"}}],"inLanguage":"fr-FR"}]}},"_links":{"self":[{"href":"http:\/\/flokardinal.org\/index.php?rest_route=\/wp\/v2\/pages\/2879","targetHints":{"allow":["GET"]}}],"collection":[{"href":"http:\/\/flokardinal.org\/index.php?rest_route=\/wp\/v2\/pages"}],"about":[{"href":"http:\/\/flokardinal.org\/index.php?rest_route=\/wp\/v2\/types\/page"}],"author":[{"embeddable":true,"href":"http:\/\/flokardinal.org\/index.php?rest_route=\/wp\/v2\/users\/1"}],"replies":[{"embeddable":true,"href":"http:\/\/flokardinal.org\/index.php?rest_route=%2Fwp%2Fv2%2Fcomments&post=2879"}],"version-history":[{"count":8,"href":"http:\/\/flokardinal.org\/index.php?rest_route=\/wp\/v2\/pages\/2879\/revisions"}],"predecessor-version":[{"id":5547,"href":"http:\/\/flokardinal.org\/index.php?rest_route=\/wp\/v2\/pages\/2879\/revisions\/5547"}],"wp:featuredmedia":[{"embeddable":true,"href":"http:\/\/flokardinal.org\/index.php?rest_route=\/wp\/v2\/media\/7113"}],"wp:attachment":[{"href":"http:\/\/flokardinal.org\/index.php?rest_route=%2Fwp%2Fv2%2Fmedia&parent=2879"}],"curies":[{"name":"wp","href":"https:\/\/api.w.org\/{rel}","templated":true}]}}